{"id":5643,"date":"2021-09-01T09:53:39","date_gmt":"2021-09-01T07:53:39","guid":{"rendered":"https:\/\/jamonappetit.com\/producto\/paleta-iberique-de-bellota-2\/"},"modified":"2026-09-01T19:08:52","modified_gmt":"2026-09-01T17:08:52","slug":"paleta-iberique-de-bellota-2","status":"publish","type":"product","link":"https:\/\/jamonappetit.com\/fr\/produit\/paleta-iberique-de-bellota-2\/","title":{"rendered":"Paleta ib\u00e9rique de Bellota"},"content":{"rendered":"<p data-sourcepos=\"32:1-32:177\">La <strong>Paleta ib\u00e9rique de Bellota<\/strong> provient de porcs ib\u00e9riques purs \u00e9lev\u00e9s en libert\u00e9 totale dans la dehesa d&rsquo;Estr\u00e9madure, nourris exclusivement de glands et d&rsquo;herbes naturelles.<\/p>\n<ul data-sourcepos=\"34:1-37:0\">\n<li data-sourcepos=\"34:1-34:27\"><strong>Affinage:<\/strong> 26-30 mois.<\/li>\n<li data-sourcepos=\"35:1-35:37\"><strong>Livraison:<\/strong> 2-3 jours ouvrables.<\/li>\n<li data-sourcepos=\"36:1-37:0\"><strong>Poids:<\/strong> 4,5-5 kg.<\/li>\n<\/ul>\n","protected":false},"excerpt":{"rendered":"<p data-sourcepos=\"38:1-39:64\"><strong>Ingr\u00e9dients:<\/strong> \u00c9paule de porc, sel, correcteur d&rsquo;acidit\u00e9 (E-331), Antioxydant (E-301), Conservateurs (E-250, E-252).<\/p>\n<p data-sourcepos=\"38:1-39:64\"><strong>\u00c9levage:<\/strong> Extensif dans la dehesa, 12000 m\u00b2 pour chaque porc.<\/p>\n<ul data-sourcepos=\"40:1-47:0\">\n<li data-sourcepos=\"40:1-40:113\"><strong>Pr\u00e9sentation:<\/strong> \u00c9paule enti\u00e8re, envelopp\u00e9e dans du papier anti-graisse et enfouie dans une doublure en tissu.<\/li>\n<li data-sourcepos=\"41:1-41:138\"><strong>Conservation:<\/strong> Jusqu&rsquo;\u00e0 6 mois avant de commencer, suspendue \u00e0 temp\u00e9rature ambiante. Une fois commenc\u00e9, \u00e0 consommer dans les 1-2 mois.<\/li>\n<li data-sourcepos=\"42:1-42:27\"><strong>Notes de d\u00e9gustation:<\/strong><\/li>\n<li data-sourcepos=\"43:1-43:116\"><strong>Texture:<\/strong> Douce et onctueuse, avec de multiples infiltrations de graisse veineuse brillante qui fond en bouche.<\/li>\n<li data-sourcepos=\"44:1-44:91\"><strong>Couleur:<\/strong> Du rouge intense \u00e0 une teinte plus dor\u00e9e et ros\u00e9e selon la surface de coupe.<\/li>\n<li data-sourcepos=\"45:1-45:46\"><strong>Ar\u00f4me:<\/strong> Herbes de montagne basse et noix.<\/li>\n<li data-sourcepos=\"46:1-47:0\"><strong>Go\u00fbt:<\/strong> Doux et l\u00e9ger en bouche, parfaite harmonie entre le sucr\u00e9 et le sal\u00e9, parfum de la for\u00eat m\u00e9diterran\u00e9enne, et en bouche, persistant et sublime. On peut trouver des saveurs similaires \u00e0 celles du pain grill\u00e9, du bois, de la violette ou du caramel.<\/li>\n<\/ul>\n","protected":false},"featured_media":4355,"comment_status":"open","ping_status":"closed","template":"","meta":[],"product_brand":[],"product_cat":[310,316,312],"product_tag":[],"class_list":["post-5643","product","type-product","status-publish","has-post-thumbnail","product_cat-en-vedette","product_cat-epaule","product_cat-produits-jamon-appetit","first","instock","shipping-taxable","purchasable","product-type-variable","thumb-has-effect","prod-rating-off"],"_links":{"self":[{"href":"https:\/\/jamonappetit.com\/fr\/wp-json\/wp\/v2\/product\/5643","targetHints":{"allow":["GET"]}}],"collection":[{"href":"https:\/\/jamonappetit.com\/fr\/wp-json\/wp\/v2\/product"}],"about":[{"href":"https:\/\/jamonappetit.com\/fr\/wp-json\/wp\/v2\/types\/product"}],"replies":[{"embeddable":true,"href":"https:\/\/jamonappetit.com\/fr\/wp-json\/wp\/v2\/comments?post=5643"}],"wp:featuredmedia":[{"embeddable":true,"href":"https:\/\/jamonappetit.com\/fr\/wp-json\/wp\/v2\/media\/4355"}],"wp:attachment":[{"href":"https:\/\/jamonappetit.com\/fr\/wp-json\/wp\/v2\/media?parent=5643"}],"wp:term":[{"taxonomy":"product_brand","embeddable":true,"href":"https:\/\/jamonappetit.com\/fr\/wp-json\/wp\/v2\/product_brand?post=5643"},{"taxonomy":"product_cat","embeddable":true,"href":"https:\/\/jamonappetit.com\/fr\/wp-json\/wp\/v2\/product_cat?post=5643"},{"taxonomy":"product_tag","embeddable":true,"href":"https:\/\/jamonappetit.com\/fr\/wp-json\/wp\/v2\/product_tag?post=5643"}],"curies":[{"name":"wp","href":"https:\/\/api.w.org\/{rel}","templated":true}]}}