{"id":3840,"date":"2018-06-08T11:22:38","date_gmt":"2018-06-08T09:22:38","guid":{"rendered":"http:\/\/jamonappetit.com\/jamon-appetit\/"},"modified":"2026-09-02T04:57:32","modified_gmt":"2026-09-02T02:57:32","slug":"jamon-appetit","status":"publish","type":"page","link":"https:\/\/jamonappetit.com\/fr\/","title":{"rendered":"Jam\u00f3n App\u00e9tit"},"content":{"rendered":"<div class=\"wpb-content-wrapper\"><p>[vc_row][vc_column][rev_slider_vc alias=\u00a0\u00bbsolofoto-fr\u00a0\u00bb][\/vc_column][\/vc_row][vc_row disable_element=\u00a0\u00bbyes\u00a0\u00bb][vc_column width=\u00a0\u00bb5\/6&Prime; offset=\u00a0\u00bbvc_col-lg-offset-2 vc_col-lg-8 vc_col-sm-offset-1&Prime;][la_divider height=\u00a0\u00bblg:65px;\u00a0\u00bb][la_heading title=\u00a0\u00bbproductos ib\u00e9ricos de alta calidad\u00a0\u00bb title_fz=\u00a0\u00bblg:48px;md:36px;sm:30px;xs:24px;\u00a0\u00bb title_class=\u00a0\u00bbthree-font-family font-weight-400&Prime; title_lh=\u00a0\u00bblg:50px;md:36px;sm:30px;xs:24px;\u00a0\u00bb][\/la_heading][vc_single_image image=\u00a0\u00bb711&Prime; img_size=\u00a0\u00bbfull\u00a0\u00bb alignment=\u00a0\u00bbcenter\u00a0\u00bb el_class=\u00a0\u00bbmargin-bottom-10&Prime;][vc_column_text el_class=\u00a0\u00bbtext-center font-size-14&Prime;]Jam\u00f3n App\u00e9tit, una empresa joven y din\u00e1mica ubicada en Llerena (Badajoz), se dedica al comercio internacional de productos ib\u00e9ricos de alta calidad elaborados artesanalmente en la comunidad de Extremadura (Jam\u00f3n Ib\u00e9rico de Bellota, Quesos de Oveja Merina, Aceite de oliva\u2026).[\/vc_column_text][la_divider height=\u00a0\u00bblg:40px;\u00a0\u00bb][\/vc_column][\/vc_row][vc_row disable_element=\u00a0\u00bbyes\u00a0\u00bb el_class=\u00a0\u00bbhome15-row-intro\u00a0\u00bb][vc_column width=\u00a0\u00bb1\/3&Prime; css=\u00a0\u00bb.vc_custom_1521198808895{background-image: url(http:\/\/jamonappetit.com\/wp-content\/uploads\/2018\/03\/nuestrahistoria-1.jpg?id=3501) !important;}\u00a0\u00bb el_class=\u00a0\u00bbm15-column-hover-1_jamon\u00a0\u00bb][la_heading tag=\u00a0\u00bbh3&Prime; title=\u00a0\u00bbNuestra historia\u00a0\u00bb title_class=\u00a0\u00bbthree-font-family font-weight-400&Prime;]<a href=\"https:\/\/jamonappetit.com\/fr\/notre-histoire\/\">Leer m\u00e1s &gt;<\/a>[\/la_heading][\/vc_column][vc_column width=\u00a0\u00bb1\/3&Prime; css=\u00a0\u00bb.vc_custom_1521198468471{background-image: url(http:\/\/jamonappetit.com\/wp-content\/uploads\/2018\/03\/entorno.jpg?id=3498) !important;}\u00a0\u00bb el_class=\u00a0\u00bbm15-column-hover-2_jamon\u00a0\u00bb][la_heading tag=\u00a0\u00bbh3&Prime; title=\u00a0\u00bbEntorno y nutrici\u00f3n\u00a0\u00bb title_class=\u00a0\u00bbthree-font-family font-weight-400&Prime;]<a href=\"https:\/\/jamonappetit.com\/fr\/la-dehesa\/\">Leer m\u00e1s &gt;<\/a>[\/la_heading][\/vc_column][vc_column width=\u00a0\u00bb1\/3&Prime; css=\u00a0\u00bb.vc_custom_1521199654784{background-image: url(http:\/\/jamonappetit.com\/wp-content\/uploads\/2018\/03\/dondeencontrarnos.jpg?id=3505) !important;}\u00a0\u00bb el_class=\u00a0\u00bbm15-column-hover-3_jamon\u00a0\u00bb][la_heading tag=\u00a0\u00bbh3&Prime; title=\u00a0\u00bbDonde puedes encontrarnos\u00a0\u00bb title_class=\u00a0\u00bbthree-font-family font-weight-400&Prime;]<a href=\"https:\/\/jamonappetit.com\/fr\/trouvez-nous\/\">Leer m\u00e1s &gt;<\/a>[\/la_heading][\/vc_column][\/vc_row][vc_row][vc_column][la_divider height=\u00a0\u00bblg:80px;\u00a0\u00bb][la_heading title=\u00a0\u00bbProduits recommand\u00e9s\u00a0\u00bb title_class=\u00a0\u00bbmargin-bottom-5 three-font-family font-weight-400&Prime; title_fz=\u00a0\u00bblg:48px;md:36px;sm:30px;xs:24px;\u00a0\u00bb subtitle_fz=\u00a0\u00bblg:14px;md:12px;\u00a0\u00bb]Produits recommand\u00e9s par Jamon app\u00e9tit[\/la_heading][la_divider height=\u00a0\u00bblg:30px;\u00a0\u00bb][\/vc_column][\/vc_row][vc_row full_width=\u00a0\u00bbstretch_row_content\u00a0\u00bb el_class=\u00a0\u00bbla_row_gap_120&Prime;][vc_column]<div class=\"woocommerce columns-4 \"><div class=\"row\">\n    <div class=\"col-xs-12\">\n        <ul class=\"products products-grid grid-space-default products-grid-1 grid-items xlg-grid-4-items lg-grid-4-items md-grid-3-items sm-grid-2-items xs-grid-1-items mb-grid-1-items\" data-item_selector=\".product_item\" data-item_margin=\"0\" data-item-width=\"270\" data-item-height=\"450\" data-md-col=\"3\" data-sm-col=\"2\" data-xs-col=\"1\" data-mb-col=\"1\" data-la_component=\"\" data-la-effect=\"sequencefade\"><li class=\"product_item grid-item product thumb-has-effect prod-rating-off type-product post-4935 status-publish first instock product_cat-en-vedette product_cat-jambon product_cat-produits-ecologiques-destremadure product_cat-produits-jamon-appetit product_cat-produits-recommandes has-post-thumbnail shipping-taxable purchasable product-type-simple\" data-width=\"1\" data-height=\"1\">\n\t\t<div class=\"product_item--inner\">\n\t\t<div class=\"product_item--thumbnail\">\n\t\t\t<div class=\"product_item--thumbnail-holder\">\n\t\t\t\t<a href=\"https:\/\/jamonappetit.com\/fr\/produit\/jambon-iberique-de-bellota-coupe-au-couteau-80-g\/\" class=\"woocommerce-LoopProduct-link woocommerce-loop-product__link\"><img loading=\"lazy\" decoding=\"async\" width=\"420\" height=\"420\" src=\"https:\/\/jamonappetit.com\/wp-content\/uploads\/2018\/03\/JAMON-APPETIT-9-420x420.jpg\" class=\"attachment-woocommerce_thumbnail size-woocommerce_thumbnail\" alt=\"Jambon Ib\u00e9rique de Bellota  \u2014coup\u00e9 au couteau 80 g\u2014\" srcset=\"https:\/\/jamonappetit.com\/wp-content\/uploads\/2018\/03\/JAMON-APPETIT-9-420x420.jpg 420w, https:\/\/jamonappetit.com\/wp-content\/uploads\/2018\/03\/JAMON-APPETIT-9-100x100.jpg 100w, https:\/\/jamonappetit.com\/wp-content\/uploads\/2018\/03\/JAMON-APPETIT-9-720x720.jpg 720w, https:\/\/jamonappetit.com\/wp-content\/uploads\/2018\/03\/JAMON-APPETIT-9-400x400.jpg 400w, https:\/\/jamonappetit.com\/wp-content\/uploads\/2018\/03\/JAMON-APPETIT-9-650x650.jpg 650w, https:\/\/jamonappetit.com\/wp-content\/uploads\/2018\/03\/JAMON-APPETIT-9.jpg 1080w\" sizes=\"auto, (max-width: 420px) 100vw, 420px\" \/><img loading=\"lazy\" decoding=\"async\" width=\"400\" height=\"400\" src=\"https:\/\/jamonappetit.com\/wp-content\/uploads\/2021\/09\/JAMONAPETITE-26-scaled-400x400.jpg\" class=\"wp-alt-image\" alt=\"Jam\u00f3n Ib\u00e9rique de Bellota\" srcset=\"https:\/\/jamonappetit.com\/wp-content\/uploads\/2021\/09\/JAMONAPETITE-26-scaled-400x400.jpg 400w, https:\/\/jamonappetit.com\/wp-content\/uploads\/2021\/09\/JAMONAPETITE-26-scaled-420x420.jpg 420w, https:\/\/jamonappetit.com\/wp-content\/uploads\/2021\/09\/JAMONAPETITE-26-scaled-100x100.jpg 100w, https:\/\/jamonappetit.com\/wp-content\/uploads\/2021\/09\/JAMONAPETITE-26-scaled-720x720.jpg 720w, https:\/\/jamonappetit.com\/wp-content\/uploads\/2021\/09\/JAMONAPETITE-26-1536x1536.jpg 1536w, https:\/\/jamonappetit.com\/wp-content\/uploads\/2021\/09\/JAMONAPETITE-26-scaled.jpg 2048w, https:\/\/jamonappetit.com\/wp-content\/uploads\/2021\/09\/JAMONAPETITE-26-scaled-650x650.jpg 650w\" sizes=\"auto, (max-width: 400px) 100vw, 400px\" \/><div class=\"item--overlay\"><\/div><\/a>\t\t\t<\/div>\n\t\t\t<div class=\"product_item--action\">\n\t\t\t\t<a href=\"\/fr\/wp-json\/wp\/v2\/pages\/3840?add-to-cart=4935\" aria-describedby=\"woocommerce_loop_add_to_cart_link_describedby_4935\" data-quantity=\"1\" class=\"button product_type_simple add_to_cart_button ajax_add_to_cart\" data-product_id=\"4935\" data-product_sku=\"\" aria-label=\"Ajouter au panier\u00a0: &ldquo;Jambon Ib\u00e9rique de Bellota  \u2014coup\u00e9 au couteau 80 g\u2014&rdquo;\" rel=\"nofollow\" data-success_message=\"\u00ab\u00a0Jambon Ib\u00e9rique de Bellota  \u2014coup\u00e9 au couteau 80 g\u2014\u00a0\u00bb a \u00e9t\u00e9 ajout\u00e9 \u00e0 votre panier\" role=\"button\"><span>Ajouter au panier<\/span><\/a>\t<span id=\"woocommerce_loop_add_to_cart_link_describedby_4935\" class=\"screen-reader-text\">\n\t\t\t<\/span>\n<div class=\"wrap-addto\"><a class=\"quickview button la-quickview-button\" href=\"https:\/\/jamonappetit.com\/fr\/produit\/jambon-iberique-de-bellota-coupe-au-couteau-80-g\/\" data-href=\"https:\/\/jamonappetit.com\/fr\/produit\/jambon-iberique-de-bellota-coupe-au-couteau-80-g\/?product_quickview=4935\" title=\"Quick Shop\">Quick Shop<\/a><a class=\"add_wishlist button added\" href=\"#\" title=\"Add to Wishlist\" rel=\"nofollow\" data-product_title=\"Jambon Ib\u00e9rique de Bellota  \u2014coup\u00e9 au couteau 80 g\u2014\" data-product_id=\"4935\">Add to Wishlist<\/a><\/div>\t\t\t<\/div>\n\t\t<\/div>\n\t\t<div class=\"product_item--info\">\n\t\t\t<div class=\"product_item--info-inner\">\n\t\t\t\t<div class=\"product_item--category-link\"><a href=\"https:\/\/jamonappetit.com\/fr\/categorie-produit\/en-vedette\/\" rel=\"tag\">En vedette<\/a><span>, <\/span><a href=\"https:\/\/jamonappetit.com\/fr\/categorie-produit\/produits-jamon-appetit\/jambon\/\" rel=\"tag\">Jambon<\/a><span>, <\/span><a href=\"https:\/\/jamonappetit.com\/fr\/categorie-produit\/produits-ecologiques-destremadure\/\" rel=\"tag\">Produits ecologiques d`Estremadure<\/a><span>, <\/span><a href=\"https:\/\/jamonappetit.com\/fr\/categorie-produit\/produits-jamon-appetit\/\" rel=\"tag\">Produits Jam\u00f3n App\u00e9tit<\/a><span>, <\/span><a href=\"https:\/\/jamonappetit.com\/fr\/categorie-produit\/produits-recommandes\/\" rel=\"tag\">Produits recommand\u00e9s<\/a><\/div><h3 class=\"product_item--title\"><a href=\"https:\/\/jamonappetit.com\/fr\/produit\/jambon-iberique-de-bellota-coupe-au-couteau-80-g\/\">Jambon Ib\u00e9rique de Bellota  \u2014coup\u00e9 au couteau 80 g\u2014<\/a><\/h3>\n\t<span class=\"price\"><span class=\"woocommerce-Price-amount amount\"><bdi>19.00<span class=\"woocommerce-Price-currencySymbol\" translate=\"no\">&euro;<\/span><\/bdi><\/span><\/span>\n<div class=\"item--excerpt\"><p>Jambon de Porc Ib\u00e9rique de Bellota (Pata Negra) elev\u00e9 en plein air dans les dehesas naturelles d` Estr\u00e9madure et ils ont<br \/>\nune alimentation \u00e0 base de Bellotas (Glands de ch\u00eanesverts) en p\u00e9riode de montanera et fourrages verts.<\/p>\n<p>80g<\/p>\n<\/div>\t\t\t<\/div>\n\t\t\t<div class=\"product_item--action\">\n\t\t\t\t<div class=\"wrap-addto\"><a href=\"\/fr\/wp-json\/wp\/v2\/pages\/3840?add-to-cart=4935\" aria-describedby=\"woocommerce_loop_add_to_cart_link_describedby_4935\" data-quantity=\"1\" class=\"button product_type_simple add_to_cart_button ajax_add_to_cart\" data-product_id=\"4935\" data-product_sku=\"\" aria-label=\"Ajouter au panier\u00a0: &ldquo;Jambon Ib\u00e9rique de Bellota  \u2014coup\u00e9 au couteau 80 g\u2014&rdquo;\" rel=\"nofollow\" data-success_message=\"\u00ab\u00a0Jambon Ib\u00e9rique de Bellota  \u2014coup\u00e9 au couteau 80 g\u2014\u00a0\u00bb a \u00e9t\u00e9 ajout\u00e9 \u00e0 votre panier\" role=\"button\"><span>Ajouter au panier<\/span><\/a>\t<span id=\"woocommerce_loop_add_to_cart_link_describedby_4935\" class=\"screen-reader-text\">\n\t\t\t<\/span>\n<a class=\"add_wishlist button added\" href=\"#\" title=\"Add to Wishlist\" rel=\"nofollow\" data-product_title=\"Jambon Ib\u00e9rique de Bellota  \u2014coup\u00e9 au couteau 80 g\u2014\" data-product_id=\"4935\">Add to Wishlist<\/a><\/div>\t\t\t<\/div>\n\t\t<\/div>\n\t\t<\/div>\n<\/li>\n<li class=\"product_item grid-item product thumb-no-effect prod-rating-off type-product post-4938 status-publish instock product_cat-en-vedette product_cat-epaule product_cat-meilleures-ventes product_cat-produits-jamon-appetit product_cat-produits-recommandes has-post-thumbnail shipping-taxable purchasable product-type-simple\" data-width=\"1\" data-height=\"1\">\n\t\t<div class=\"product_item--inner\">\n\t\t<div class=\"product_item--thumbnail\">\n\t\t\t<div class=\"product_item--thumbnail-holder\">\n\t\t\t\t<a href=\"https:\/\/jamonappetit.com\/fr\/produit\/paleta-iberique-de-bellota-coupee-au-couteau-80g\/\" class=\"woocommerce-LoopProduct-link woocommerce-loop-product__link\"><img loading=\"lazy\" decoding=\"async\" width=\"420\" height=\"420\" src=\"https:\/\/jamonappetit.com\/wp-content\/uploads\/2018\/03\/JAMON-APPETIT-13-420x420.jpg\" class=\"attachment-woocommerce_thumbnail size-woocommerce_thumbnail\" alt=\"Paleta Ib\u00e9rique de Bellota \u2014coup\u00e9e au couteau 80g\u2014\" srcset=\"https:\/\/jamonappetit.com\/wp-content\/uploads\/2018\/03\/JAMON-APPETIT-13-420x420.jpg 420w, https:\/\/jamonappetit.com\/wp-content\/uploads\/2018\/03\/JAMON-APPETIT-13-100x100.jpg 100w, https:\/\/jamonappetit.com\/wp-content\/uploads\/2018\/03\/JAMON-APPETIT-13-720x720.jpg 720w, https:\/\/jamonappetit.com\/wp-content\/uploads\/2018\/03\/JAMON-APPETIT-13-400x400.jpg 400w, https:\/\/jamonappetit.com\/wp-content\/uploads\/2018\/03\/JAMON-APPETIT-13-650x650.jpg 650w, https:\/\/jamonappetit.com\/wp-content\/uploads\/2018\/03\/JAMON-APPETIT-13.jpg 1080w\" sizes=\"auto, (max-width: 420px) 100vw, 420px\" \/><div class=\"item--overlay\"><\/div><\/a>\t\t\t<\/div>\n\t\t\t<div class=\"product_item--action\">\n\t\t\t\t<a href=\"\/fr\/wp-json\/wp\/v2\/pages\/3840?add-to-cart=4938\" aria-describedby=\"woocommerce_loop_add_to_cart_link_describedby_4938\" data-quantity=\"1\" class=\"button product_type_simple add_to_cart_button ajax_add_to_cart\" data-product_id=\"4938\" data-product_sku=\"\" aria-label=\"Ajouter au panier\u00a0: &ldquo;Paleta Ib\u00e9rique de Bellota \u2014coup\u00e9e au couteau 80g\u2014&rdquo;\" rel=\"nofollow\" data-success_message=\"\u00ab\u00a0Paleta Ib\u00e9rique de Bellota \u2014coup\u00e9e au couteau 80g\u2014\u00a0\u00bb a \u00e9t\u00e9 ajout\u00e9 \u00e0 votre panier\" role=\"button\"><span>Ajouter au panier<\/span><\/a>\t<span id=\"woocommerce_loop_add_to_cart_link_describedby_4938\" class=\"screen-reader-text\">\n\t\t\t<\/span>\n<div class=\"wrap-addto\"><a class=\"quickview button la-quickview-button\" href=\"https:\/\/jamonappetit.com\/fr\/produit\/paleta-iberique-de-bellota-coupee-au-couteau-80g\/\" data-href=\"https:\/\/jamonappetit.com\/fr\/produit\/paleta-iberique-de-bellota-coupee-au-couteau-80g\/?product_quickview=4938\" title=\"Quick Shop\">Quick Shop<\/a><a class=\"add_wishlist button added\" href=\"#\" title=\"Add to Wishlist\" rel=\"nofollow\" data-product_title=\"Paleta Ib\u00e9rique de Bellota \u2014coup\u00e9e au couteau 80g\u2014\" data-product_id=\"4938\">Add to Wishlist<\/a><\/div>\t\t\t<\/div>\n\t\t<\/div>\n\t\t<div class=\"product_item--info\">\n\t\t\t<div class=\"product_item--info-inner\">\n\t\t\t\t<div class=\"product_item--category-link\"><a href=\"https:\/\/jamonappetit.com\/fr\/categorie-produit\/en-vedette\/\" rel=\"tag\">En vedette<\/a><span>, <\/span><a href=\"https:\/\/jamonappetit.com\/fr\/categorie-produit\/produits-jamon-appetit\/epaule\/\" rel=\"tag\">\u00c9paule<\/a><span>, <\/span><a href=\"https:\/\/jamonappetit.com\/fr\/categorie-produit\/meilleures-ventes\/\" rel=\"tag\">Meilleures ventes<\/a><span>, <\/span><a href=\"https:\/\/jamonappetit.com\/fr\/categorie-produit\/produits-jamon-appetit\/\" rel=\"tag\">Produits Jam\u00f3n App\u00e9tit<\/a><span>, <\/span><a href=\"https:\/\/jamonappetit.com\/fr\/categorie-produit\/produits-recommandes\/\" rel=\"tag\">Produits recommand\u00e9s<\/a><\/div><h3 class=\"product_item--title\"><a href=\"https:\/\/jamonappetit.com\/fr\/produit\/paleta-iberique-de-bellota-coupee-au-couteau-80g\/\">Paleta Ib\u00e9rique de Bellota \u2014coup\u00e9e au couteau 80g\u2014<\/a><\/h3>\n\t<span class=\"price\"><span class=\"woocommerce-Price-amount amount\"><bdi>16.00<span class=\"woocommerce-Price-currencySymbol\" translate=\"no\">&euro;<\/span><\/bdi><\/span><\/span>\n<div class=\"item--excerpt\"><p>Jambon d\u2019\u00e9paule de Porc Ib\u00e9rique de Bellota (Pata Negra) elev\u00e9 en plein air dans les dehesas naturelles d` Estr\u00e9madure et<br \/>\nils ont une alimentation \u00e0 base de Bellotas (Glands de ch\u00eanes verts) en p\u00e9riode de montanera et fourrages verts.<\/p>\n<p>80g<\/p>\n<\/div>\t\t\t<\/div>\n\t\t\t<div class=\"product_item--action\">\n\t\t\t\t<div class=\"wrap-addto\"><a href=\"\/fr\/wp-json\/wp\/v2\/pages\/3840?add-to-cart=4938\" aria-describedby=\"woocommerce_loop_add_to_cart_link_describedby_4938\" data-quantity=\"1\" class=\"button product_type_simple add_to_cart_button ajax_add_to_cart\" data-product_id=\"4938\" data-product_sku=\"\" aria-label=\"Ajouter au panier\u00a0: &ldquo;Paleta Ib\u00e9rique de Bellota \u2014coup\u00e9e au couteau 80g\u2014&rdquo;\" rel=\"nofollow\" data-success_message=\"\u00ab\u00a0Paleta Ib\u00e9rique de Bellota \u2014coup\u00e9e au couteau 80g\u2014\u00a0\u00bb a \u00e9t\u00e9 ajout\u00e9 \u00e0 votre panier\" role=\"button\"><span>Ajouter au panier<\/span><\/a>\t<span id=\"woocommerce_loop_add_to_cart_link_describedby_4938\" class=\"screen-reader-text\">\n\t\t\t<\/span>\n<a class=\"add_wishlist button added\" href=\"#\" title=\"Add to Wishlist\" rel=\"nofollow\" data-product_title=\"Paleta Ib\u00e9rique de Bellota \u2014coup\u00e9e au couteau 80g\u2014\" data-product_id=\"4938\">Add to Wishlist<\/a><\/div>\t\t\t<\/div>\n\t\t<\/div>\n\t\t<\/div>\n<\/li>\n<li class=\"product_item grid-item product thumb-no-effect prod-rating-off type-product post-4940 status-publish instock product_cat-en-vedette product_cat-epaule product_cat-meilleures-ventes product_cat-produits-destremadure product_cat-produits-jamon-appetit product_cat-produits-recommandes has-post-thumbnail shipping-taxable purchasable product-type-simple\" data-width=\"1\" data-height=\"1\">\n\t\t<div class=\"product_item--inner\">\n\t\t<div class=\"product_item--thumbnail\">\n\t\t\t<div class=\"product_item--thumbnail-holder\">\n\t\t\t\t<a href=\"https:\/\/jamonappetit.com\/fr\/produit\/paleta-iberique-de-campo-coupee-au-couteau-80-g\/\" class=\"woocommerce-LoopProduct-link woocommerce-loop-product__link\"><img loading=\"lazy\" decoding=\"async\" width=\"420\" height=\"420\" src=\"https:\/\/jamonappetit.com\/wp-content\/uploads\/2021\/09\/Jamon-Cebo-Campo-sobre-cortado-420x420.jpg\" class=\"attachment-woocommerce_thumbnail size-woocommerce_thumbnail\" alt=\"Paleta Ib\u00e9rique de Campo \u2014coup\u00e9e au couteau 80 g\u2014\" srcset=\"https:\/\/jamonappetit.com\/wp-content\/uploads\/2021\/09\/Jamon-Cebo-Campo-sobre-cortado-420x420.jpg 420w, https:\/\/jamonappetit.com\/wp-content\/uploads\/2021\/09\/Jamon-Cebo-Campo-sobre-cortado-100x100.jpg 100w, https:\/\/jamonappetit.com\/wp-content\/uploads\/2021\/09\/Jamon-Cebo-Campo-sobre-cortado-720x720.jpg 720w, https:\/\/jamonappetit.com\/wp-content\/uploads\/2021\/09\/Jamon-Cebo-Campo-sobre-cortado-400x400.jpg 400w, https:\/\/jamonappetit.com\/wp-content\/uploads\/2021\/09\/Jamon-Cebo-Campo-sobre-cortado-650x650.jpg 650w, https:\/\/jamonappetit.com\/wp-content\/uploads\/2021\/09\/Jamon-Cebo-Campo-sobre-cortado.jpg 1280w\" sizes=\"auto, (max-width: 420px) 100vw, 420px\" \/><div class=\"item--overlay\"><\/div><\/a>\t\t\t<\/div>\n\t\t\t<div class=\"product_item--action\">\n\t\t\t\t<a href=\"\/fr\/wp-json\/wp\/v2\/pages\/3840?add-to-cart=4940\" aria-describedby=\"woocommerce_loop_add_to_cart_link_describedby_4940\" data-quantity=\"1\" class=\"button product_type_simple add_to_cart_button ajax_add_to_cart\" data-product_id=\"4940\" data-product_sku=\"\" aria-label=\"Ajouter au panier\u00a0: &ldquo;Paleta Ib\u00e9rique de Campo \u2014coup\u00e9e au couteau 80 g\u2014&rdquo;\" rel=\"nofollow\" data-success_message=\"\u00ab\u00a0Paleta Ib\u00e9rique de Campo \u2014coup\u00e9e au couteau 80 g\u2014\u00a0\u00bb a \u00e9t\u00e9 ajout\u00e9 \u00e0 votre panier\" role=\"button\"><span>Ajouter au panier<\/span><\/a>\t<span id=\"woocommerce_loop_add_to_cart_link_describedby_4940\" class=\"screen-reader-text\">\n\t\t\t<\/span>\n<div class=\"wrap-addto\"><a class=\"quickview button la-quickview-button\" href=\"https:\/\/jamonappetit.com\/fr\/produit\/paleta-iberique-de-campo-coupee-au-couteau-80-g\/\" data-href=\"https:\/\/jamonappetit.com\/fr\/produit\/paleta-iberique-de-campo-coupee-au-couteau-80-g\/?product_quickview=4940\" title=\"Quick Shop\">Quick Shop<\/a><a class=\"add_wishlist button added\" href=\"#\" title=\"Add to Wishlist\" rel=\"nofollow\" data-product_title=\"Paleta Ib\u00e9rique de Campo \u2014coup\u00e9e au couteau 80 g\u2014\" data-product_id=\"4940\">Add to Wishlist<\/a><\/div>\t\t\t<\/div>\n\t\t<\/div>\n\t\t<div class=\"product_item--info\">\n\t\t\t<div class=\"product_item--info-inner\">\n\t\t\t\t<div class=\"product_item--category-link\"><a href=\"https:\/\/jamonappetit.com\/fr\/categorie-produit\/en-vedette\/\" rel=\"tag\">En vedette<\/a><span>, <\/span><a href=\"https:\/\/jamonappetit.com\/fr\/categorie-produit\/produits-jamon-appetit\/epaule\/\" rel=\"tag\">\u00c9paule<\/a><span>, <\/span><a href=\"https:\/\/jamonappetit.com\/fr\/categorie-produit\/meilleures-ventes\/\" rel=\"tag\">Meilleures ventes<\/a><span>, <\/span><a href=\"https:\/\/jamonappetit.com\/fr\/categorie-produit\/produits-destremadure\/\" rel=\"tag\">Produits d`Estremadure<\/a><span>, <\/span><a href=\"https:\/\/jamonappetit.com\/fr\/categorie-produit\/produits-jamon-appetit\/\" rel=\"tag\">Produits Jam\u00f3n App\u00e9tit<\/a><span>, <\/span><a href=\"https:\/\/jamonappetit.com\/fr\/categorie-produit\/produits-recommandes\/\" rel=\"tag\">Produits recommand\u00e9s<\/a><\/div><h3 class=\"product_item--title\"><a href=\"https:\/\/jamonappetit.com\/fr\/produit\/paleta-iberique-de-campo-coupee-au-couteau-80-g\/\">Paleta Ib\u00e9rique de Campo \u2014coup\u00e9e au couteau 80 g\u2014<\/a><\/h3>\n\t<span class=\"price\"><span class=\"woocommerce-Price-amount amount\"><bdi>11.95<span class=\"woocommerce-Price-currencySymbol\" translate=\"no\">&euro;<\/span><\/bdi><\/span><\/span>\n<div class=\"item--excerpt\"><p>Jambon d\u2019\u00e9paule de Porc Ib\u00e9rique de Campo (Pata Negra) elev\u00e9 en semilibert\u00e9 dans les dehesas naturelles d` Estr\u00e9madure<br \/>\net ils ont une alimentation \u00e0 base aliment naturel, fourrages verts et quelques bellotas (Glands de ch\u00eanes verts)<\/p>\n<p>80g<\/p>\n<\/div>\t\t\t<\/div>\n\t\t\t<div class=\"product_item--action\">\n\t\t\t\t<div class=\"wrap-addto\"><a href=\"\/fr\/wp-json\/wp\/v2\/pages\/3840?add-to-cart=4940\" aria-describedby=\"woocommerce_loop_add_to_cart_link_describedby_4940\" data-quantity=\"1\" class=\"button product_type_simple add_to_cart_button ajax_add_to_cart\" data-product_id=\"4940\" data-product_sku=\"\" aria-label=\"Ajouter au panier\u00a0: &ldquo;Paleta Ib\u00e9rique de Campo \u2014coup\u00e9e au couteau 80 g\u2014&rdquo;\" rel=\"nofollow\" data-success_message=\"\u00ab\u00a0Paleta Ib\u00e9rique de Campo \u2014coup\u00e9e au couteau 80 g\u2014\u00a0\u00bb a \u00e9t\u00e9 ajout\u00e9 \u00e0 votre panier\" role=\"button\"><span>Ajouter au panier<\/span><\/a>\t<span id=\"woocommerce_loop_add_to_cart_link_describedby_4940\" class=\"screen-reader-text\">\n\t\t\t<\/span>\n<a class=\"add_wishlist button added\" href=\"#\" title=\"Add to Wishlist\" rel=\"nofollow\" data-product_title=\"Paleta Ib\u00e9rique de Campo \u2014coup\u00e9e au couteau 80 g\u2014\" data-product_id=\"4940\">Add to Wishlist<\/a><\/div>\t\t\t<\/div>\n\t\t<\/div>\n\t\t<\/div>\n<\/li>\n<li class=\"product_item grid-item product thumb-has-effect prod-rating-off type-product post-4941 status-publish last instock product_cat-en-vedette product_cat-meilleures-ventes product_cat-produits-destremadure product_cat-produits-jamon-appetit product_cat-produits-recommandes has-post-thumbnail shipping-taxable purchasable product-type-simple\" data-width=\"1\" data-height=\"1\">\n\t\t<div class=\"product_item--inner\">\n\t\t<div class=\"product_item--thumbnail\">\n\t\t\t<div class=\"product_item--thumbnail-holder\">\n\t\t\t\t<a href=\"https:\/\/jamonappetit.com\/fr\/produit\/lomito-iberique-de-bellota\/\" class=\"woocommerce-LoopProduct-link woocommerce-loop-product__link\"><img loading=\"lazy\" decoding=\"async\" width=\"420\" height=\"420\" src=\"https:\/\/jamonappetit.com\/wp-content\/uploads\/2021\/09\/JAMONAPETITE-9-scaled-420x420.jpg\" class=\"attachment-woocommerce_thumbnail size-woocommerce_thumbnail\" alt=\"Lomito Ib\u00e9rique de Bellota\" srcset=\"https:\/\/jamonappetit.com\/wp-content\/uploads\/2021\/09\/JAMONAPETITE-9-scaled-420x420.jpg 420w, https:\/\/jamonappetit.com\/wp-content\/uploads\/2021\/09\/JAMONAPETITE-9-scaled-100x100.jpg 100w, https:\/\/jamonappetit.com\/wp-content\/uploads\/2021\/09\/JAMONAPETITE-9-scaled-720x720.jpg 720w, https:\/\/jamonappetit.com\/wp-content\/uploads\/2021\/09\/JAMONAPETITE-9-scaled-400x400.jpg 400w, https:\/\/jamonappetit.com\/wp-content\/uploads\/2021\/09\/JAMONAPETITE-9-scaled-650x650.jpg 650w\" sizes=\"auto, (max-width: 420px) 100vw, 420px\" \/><img loading=\"lazy\" decoding=\"async\" width=\"400\" height=\"400\" src=\"https:\/\/jamonappetit.com\/wp-content\/uploads\/2021\/09\/JAMONAPETITE-15-scaled-400x400.jpg\" class=\"wp-alt-image\" alt=\"\" srcset=\"https:\/\/jamonappetit.com\/wp-content\/uploads\/2021\/09\/JAMONAPETITE-15-scaled-400x400.jpg 400w, https:\/\/jamonappetit.com\/wp-content\/uploads\/2021\/09\/JAMONAPETITE-15-scaled-420x420.jpg 420w, https:\/\/jamonappetit.com\/wp-content\/uploads\/2021\/09\/JAMONAPETITE-15-scaled-100x100.jpg 100w, https:\/\/jamonappetit.com\/wp-content\/uploads\/2021\/09\/JAMONAPETITE-15-scaled-720x720.jpg 720w, https:\/\/jamonappetit.com\/wp-content\/uploads\/2021\/09\/JAMONAPETITE-15-scaled-650x650.jpg 650w\" sizes=\"auto, (max-width: 400px) 100vw, 400px\" \/><div class=\"item--overlay\"><\/div><\/a>\t\t\t<\/div>\n\t\t\t<div class=\"product_item--action\">\n\t\t\t\t<a href=\"\/fr\/wp-json\/wp\/v2\/pages\/3840?add-to-cart=4941\" aria-describedby=\"woocommerce_loop_add_to_cart_link_describedby_4941\" data-quantity=\"1\" class=\"button product_type_simple add_to_cart_button ajax_add_to_cart\" data-product_id=\"4941\" data-product_sku=\"\" aria-label=\"Ajouter au panier\u00a0: &ldquo;Lomito Ib\u00e9rique de Bellota&rdquo;\" rel=\"nofollow\" data-success_message=\"\u00ab\u00a0Lomito Ib\u00e9rique de Bellota\u00a0\u00bb a \u00e9t\u00e9 ajout\u00e9 \u00e0 votre panier\" role=\"button\"><span>Ajouter au panier<\/span><\/a>\t<span id=\"woocommerce_loop_add_to_cart_link_describedby_4941\" class=\"screen-reader-text\">\n\t\t\t<\/span>\n<div class=\"wrap-addto\"><a class=\"quickview button la-quickview-button\" href=\"https:\/\/jamonappetit.com\/fr\/produit\/lomito-iberique-de-bellota\/\" data-href=\"https:\/\/jamonappetit.com\/fr\/produit\/lomito-iberique-de-bellota\/?product_quickview=4941\" title=\"Quick Shop\">Quick Shop<\/a><a class=\"add_wishlist button added\" href=\"#\" title=\"Add to Wishlist\" rel=\"nofollow\" data-product_title=\"Lomito Ib\u00e9rique de Bellota\" data-product_id=\"4941\">Add to Wishlist<\/a><\/div>\t\t\t<\/div>\n\t\t<\/div>\n\t\t<div class=\"product_item--info\">\n\t\t\t<div class=\"product_item--info-inner\">\n\t\t\t\t<div class=\"product_item--category-link\"><a href=\"https:\/\/jamonappetit.com\/fr\/categorie-produit\/en-vedette\/\" rel=\"tag\">En vedette<\/a><span>, <\/span><a href=\"https:\/\/jamonappetit.com\/fr\/categorie-produit\/meilleures-ventes\/\" rel=\"tag\">Meilleures ventes<\/a><span>, <\/span><a href=\"https:\/\/jamonappetit.com\/fr\/categorie-produit\/produits-destremadure\/\" rel=\"tag\">Produits d`Estremadure<\/a><span>, <\/span><a href=\"https:\/\/jamonappetit.com\/fr\/categorie-produit\/produits-jamon-appetit\/\" rel=\"tag\">Produits Jam\u00f3n App\u00e9tit<\/a><span>, <\/span><a href=\"https:\/\/jamonappetit.com\/fr\/categorie-produit\/produits-recommandes\/\" rel=\"tag\">Produits recommand\u00e9s<\/a><\/div><h3 class=\"product_item--title\"><a href=\"https:\/\/jamonappetit.com\/fr\/produit\/lomito-iberique-de-bellota\/\">Lomito Ib\u00e9rique de Bellota<\/a><\/h3>\n\t<span class=\"price\"><span class=\"woocommerce-Price-amount amount\"><bdi>49.50<span class=\"woocommerce-Price-currencySymbol\" translate=\"no\">&euro;<\/span><\/bdi><\/span><\/span>\n<div class=\"item--excerpt\"><p>Ce que l\u2019on nomme Lomito ib\u00e9rique de Bellota est une des parties<br \/>\nexceptionnelles du porc ib\u00e9rique. Elle correspond \u00e0 la viande qui se trouve<br \/>\nentre les omoplates du porc. C\u2019est une viande juteuse et un des meilleurs<br \/>\nmorceaux du porc ib\u00e9rique. Un des produits qui nous diff\u00e9rencie. Il ne<br \/>\nrepr\u00e9sente que deux fois 400 grammes environ sur un cochon de 170 kilos.<\/p>\n<\/div>\t\t\t<\/div>\n\t\t\t<div class=\"product_item--action\">\n\t\t\t\t<div class=\"wrap-addto\"><a href=\"\/fr\/wp-json\/wp\/v2\/pages\/3840?add-to-cart=4941\" aria-describedby=\"woocommerce_loop_add_to_cart_link_describedby_4941\" data-quantity=\"1\" class=\"button product_type_simple add_to_cart_button ajax_add_to_cart\" data-product_id=\"4941\" data-product_sku=\"\" aria-label=\"Ajouter au panier\u00a0: &ldquo;Lomito Ib\u00e9rique de Bellota&rdquo;\" rel=\"nofollow\" data-success_message=\"\u00ab\u00a0Lomito Ib\u00e9rique de Bellota\u00a0\u00bb a \u00e9t\u00e9 ajout\u00e9 \u00e0 votre panier\" role=\"button\"><span>Ajouter au panier<\/span><\/a>\t<span id=\"woocommerce_loop_add_to_cart_link_describedby_4941\" class=\"screen-reader-text\">\n\t\t\t<\/span>\n<a class=\"add_wishlist button added\" href=\"#\" title=\"Add to Wishlist\" rel=\"nofollow\" data-product_title=\"Lomito Ib\u00e9rique de Bellota\" data-product_id=\"4941\">Add to Wishlist<\/a><\/div>\t\t\t<\/div>\n\t\t<\/div>\n\t\t<\/div>\n<\/li>\n<li class=\"product_item grid-item product thumb-has-effect prod-rating-off type-product post-4943 status-publish first instock product_cat-en-vedette product_cat-lomo-fr product_cat-meilleures-ventes product_cat-produits-jamon-appetit product_cat-produits-recommandes has-post-thumbnail shipping-taxable purchasable product-type-simple\" data-width=\"1\" data-height=\"1\">\n\t\t<div class=\"product_item--inner\">\n\t\t<div class=\"product_item--thumbnail\">\n\t\t\t<div class=\"product_item--thumbnail-holder\">\n\t\t\t\t<a href=\"https:\/\/jamonappetit.com\/fr\/produit\/lomo-iberique-de-bellota\/\" class=\"woocommerce-LoopProduct-link woocommerce-loop-product__link\"><img loading=\"lazy\" decoding=\"async\" width=\"420\" height=\"420\" src=\"https:\/\/jamonappetit.com\/wp-content\/uploads\/2021\/09\/LOMO-IBERICO-DE-BELLOTA-scaled-420x420.jpg\" class=\"attachment-woocommerce_thumbnail size-woocommerce_thumbnail\" alt=\"Lomo Ib\u00e9rique de Bellota\" srcset=\"https:\/\/jamonappetit.com\/wp-content\/uploads\/2021\/09\/LOMO-IBERICO-DE-BELLOTA-scaled-420x420.jpg 420w, https:\/\/jamonappetit.com\/wp-content\/uploads\/2021\/09\/LOMO-IBERICO-DE-BELLOTA-scaled-100x100.jpg 100w, https:\/\/jamonappetit.com\/wp-content\/uploads\/2021\/09\/LOMO-IBERICO-DE-BELLOTA-scaled-720x720.jpg 720w, https:\/\/jamonappetit.com\/wp-content\/uploads\/2021\/09\/LOMO-IBERICO-DE-BELLOTA-1536x1536.jpg 1536w, https:\/\/jamonappetit.com\/wp-content\/uploads\/2021\/09\/LOMO-IBERICO-DE-BELLOTA-scaled.jpg 2048w, https:\/\/jamonappetit.com\/wp-content\/uploads\/2021\/09\/LOMO-IBERICO-DE-BELLOTA-scaled-400x400.jpg 400w, https:\/\/jamonappetit.com\/wp-content\/uploads\/2021\/09\/LOMO-IBERICO-DE-BELLOTA-scaled-650x650.jpg 650w\" sizes=\"auto, (max-width: 420px) 100vw, 420px\" \/><img loading=\"lazy\" decoding=\"async\" width=\"400\" height=\"400\" src=\"https:\/\/jamonappetit.com\/wp-content\/uploads\/2021\/09\/DETALLE-LOMO-scaled-400x400.jpg\" class=\"wp-alt-image\" alt=\"\" srcset=\"https:\/\/jamonappetit.com\/wp-content\/uploads\/2021\/09\/DETALLE-LOMO-scaled-400x400.jpg 400w, https:\/\/jamonappetit.com\/wp-content\/uploads\/2021\/09\/DETALLE-LOMO-scaled-420x420.jpg 420w, https:\/\/jamonappetit.com\/wp-content\/uploads\/2021\/09\/DETALLE-LOMO-scaled-100x100.jpg 100w, https:\/\/jamonappetit.com\/wp-content\/uploads\/2021\/09\/DETALLE-LOMO-scaled-720x720.jpg 720w, https:\/\/jamonappetit.com\/wp-content\/uploads\/2021\/09\/DETALLE-LOMO-1536x1536.jpg 1536w, https:\/\/jamonappetit.com\/wp-content\/uploads\/2021\/09\/DETALLE-LOMO-scaled.jpg 2048w, https:\/\/jamonappetit.com\/wp-content\/uploads\/2021\/09\/DETALLE-LOMO-scaled-650x650.jpg 650w\" sizes=\"auto, (max-width: 400px) 100vw, 400px\" \/><div class=\"item--overlay\"><\/div><\/a>\t\t\t<\/div>\n\t\t\t<div class=\"product_item--action\">\n\t\t\t\t<a href=\"\/fr\/wp-json\/wp\/v2\/pages\/3840?add-to-cart=4943\" aria-describedby=\"woocommerce_loop_add_to_cart_link_describedby_4943\" data-quantity=\"1\" class=\"button product_type_simple add_to_cart_button ajax_add_to_cart\" data-product_id=\"4943\" data-product_sku=\"\" aria-label=\"Ajouter au panier\u00a0: &ldquo;Lomo Ib\u00e9rique de Bellota&rdquo;\" rel=\"nofollow\" data-success_message=\"\u00ab\u00a0Lomo Ib\u00e9rique de Bellota\u00a0\u00bb a \u00e9t\u00e9 ajout\u00e9 \u00e0 votre panier\" role=\"button\"><span>Ajouter au panier<\/span><\/a>\t<span id=\"woocommerce_loop_add_to_cart_link_describedby_4943\" class=\"screen-reader-text\">\n\t\t\t<\/span>\n<div class=\"wrap-addto\"><a class=\"quickview button la-quickview-button\" href=\"https:\/\/jamonappetit.com\/fr\/produit\/lomo-iberique-de-bellota\/\" data-href=\"https:\/\/jamonappetit.com\/fr\/produit\/lomo-iberique-de-bellota\/?product_quickview=4943\" title=\"Quick Shop\">Quick Shop<\/a><a class=\"add_wishlist button added\" href=\"#\" title=\"Add to Wishlist\" rel=\"nofollow\" data-product_title=\"Lomo Ib\u00e9rique de Bellota\" data-product_id=\"4943\">Add to Wishlist<\/a><\/div>\t\t\t<\/div>\n\t\t<\/div>\n\t\t<div class=\"product_item--info\">\n\t\t\t<div class=\"product_item--info-inner\">\n\t\t\t\t<div class=\"product_item--category-link\"><a href=\"https:\/\/jamonappetit.com\/fr\/categorie-produit\/en-vedette\/\" rel=\"tag\">En vedette<\/a><span>, <\/span><a href=\"https:\/\/jamonappetit.com\/fr\/categorie-produit\/produits-jamon-appetit\/lomo-fr\/\" rel=\"tag\">Lomo<\/a><span>, <\/span><a href=\"https:\/\/jamonappetit.com\/fr\/categorie-produit\/meilleures-ventes\/\" rel=\"tag\">Meilleures ventes<\/a><span>, <\/span><a href=\"https:\/\/jamonappetit.com\/fr\/categorie-produit\/produits-jamon-appetit\/\" rel=\"tag\">Produits Jam\u00f3n App\u00e9tit<\/a><span>, <\/span><a href=\"https:\/\/jamonappetit.com\/fr\/categorie-produit\/produits-recommandes\/\" rel=\"tag\">Produits recommand\u00e9s<\/a><\/div><h3 class=\"product_item--title\"><a href=\"https:\/\/jamonappetit.com\/fr\/produit\/lomo-iberique-de-bellota\/\">Lomo Ib\u00e9rique de Bellota<\/a><\/h3>\n\t<span class=\"price\"><span class=\"woocommerce-Price-amount amount\"><bdi>49.50<span class=\"woocommerce-Price-currencySymbol\" translate=\"no\">&euro;<\/span><\/bdi><\/span><\/span>\n<div class=\"item--excerpt\"><p>Ce que l\u2019on nomme Lomo Ib\u00e9rique est la viande qui se trouve en dessous des<br \/>\nc\u00f4tes pr\u00e8s de l\u2019\u00e9chine<\/p>\n<p>&nbsp;<\/p>\n<\/div>\t\t\t<\/div>\n\t\t\t<div class=\"product_item--action\">\n\t\t\t\t<div class=\"wrap-addto\"><a href=\"\/fr\/wp-json\/wp\/v2\/pages\/3840?add-to-cart=4943\" aria-describedby=\"woocommerce_loop_add_to_cart_link_describedby_4943\" data-quantity=\"1\" class=\"button product_type_simple add_to_cart_button ajax_add_to_cart\" data-product_id=\"4943\" data-product_sku=\"\" aria-label=\"Ajouter au panier\u00a0: &ldquo;Lomo Ib\u00e9rique de Bellota&rdquo;\" rel=\"nofollow\" data-success_message=\"\u00ab\u00a0Lomo Ib\u00e9rique de Bellota\u00a0\u00bb a \u00e9t\u00e9 ajout\u00e9 \u00e0 votre panier\" role=\"button\"><span>Ajouter au panier<\/span><\/a>\t<span id=\"woocommerce_loop_add_to_cart_link_describedby_4943\" class=\"screen-reader-text\">\n\t\t\t<\/span>\n<a class=\"add_wishlist button added\" href=\"#\" title=\"Add to Wishlist\" rel=\"nofollow\" data-product_title=\"Lomo Ib\u00e9rique de Bellota\" data-product_id=\"4943\">Add to Wishlist<\/a><\/div>\t\t\t<\/div>\n\t\t<\/div>\n\t\t<\/div>\n<\/li>\n<li class=\"product_item grid-item product thumb-has-effect prod-rating-off type-product post-4945 status-publish instock product_cat-en-vedette product_cat-produits-jamon-appetit product_cat-produits-recommandes product_cat-saucisson has-post-thumbnail shipping-taxable purchasable product-type-simple\" data-width=\"1\" data-height=\"1\">\n\t\t<div class=\"product_item--inner\">\n\t\t<div class=\"product_item--thumbnail\">\n\t\t\t<div class=\"product_item--thumbnail-holder\">\n\t\t\t\t<a href=\"https:\/\/jamonappetit.com\/fr\/produit\/saucisson-iberique-de-bellota\/\" class=\"woocommerce-LoopProduct-link woocommerce-loop-product__link\"><img loading=\"lazy\" decoding=\"async\" width=\"420\" height=\"420\" src=\"https:\/\/jamonappetit.com\/wp-content\/uploads\/2021\/09\/JAMONAPETITE-10-scaled-420x420.jpg\" class=\"attachment-woocommerce_thumbnail size-woocommerce_thumbnail\" alt=\"Saucisson Ib\u00e9rique de Bellota\" srcset=\"https:\/\/jamonappetit.com\/wp-content\/uploads\/2021\/09\/JAMONAPETITE-10-scaled-420x420.jpg 420w, https:\/\/jamonappetit.com\/wp-content\/uploads\/2021\/09\/JAMONAPETITE-10-scaled-100x100.jpg 100w, https:\/\/jamonappetit.com\/wp-content\/uploads\/2021\/09\/JAMONAPETITE-10-scaled-720x720.jpg 720w, https:\/\/jamonappetit.com\/wp-content\/uploads\/2021\/09\/JAMONAPETITE-10-1536x1536.jpg 1536w, https:\/\/jamonappetit.com\/wp-content\/uploads\/2021\/09\/JAMONAPETITE-10-scaled.jpg 2048w, https:\/\/jamonappetit.com\/wp-content\/uploads\/2021\/09\/JAMONAPETITE-10-scaled-400x400.jpg 400w, https:\/\/jamonappetit.com\/wp-content\/uploads\/2021\/09\/JAMONAPETITE-10-scaled-650x650.jpg 650w\" sizes=\"auto, (max-width: 420px) 100vw, 420px\" \/><img loading=\"lazy\" decoding=\"async\" width=\"400\" height=\"400\" src=\"https:\/\/jamonappetit.com\/wp-content\/uploads\/2021\/09\/JAMONAPETITE-11-scaled-400x400.jpg\" class=\"wp-alt-image\" alt=\"\" srcset=\"https:\/\/jamonappetit.com\/wp-content\/uploads\/2021\/09\/JAMONAPETITE-11-scaled-400x400.jpg 400w, https:\/\/jamonappetit.com\/wp-content\/uploads\/2021\/09\/JAMONAPETITE-11-scaled-420x420.jpg 420w, https:\/\/jamonappetit.com\/wp-content\/uploads\/2021\/09\/JAMONAPETITE-11-scaled-100x100.jpg 100w, https:\/\/jamonappetit.com\/wp-content\/uploads\/2021\/09\/JAMONAPETITE-11-scaled-720x720.jpg 720w, https:\/\/jamonappetit.com\/wp-content\/uploads\/2021\/09\/JAMONAPETITE-11-scaled-650x650.jpg 650w\" sizes=\"auto, (max-width: 400px) 100vw, 400px\" \/><div class=\"item--overlay\"><\/div><\/a>\t\t\t<\/div>\n\t\t\t<div class=\"product_item--action\">\n\t\t\t\t<a href=\"\/fr\/wp-json\/wp\/v2\/pages\/3840?add-to-cart=4945\" aria-describedby=\"woocommerce_loop_add_to_cart_link_describedby_4945\" data-quantity=\"1\" class=\"button product_type_simple add_to_cart_button ajax_add_to_cart\" data-product_id=\"4945\" data-product_sku=\"\" aria-label=\"Ajouter au panier\u00a0: &ldquo;Saucisson Ib\u00e9rique de Bellota&rdquo;\" rel=\"nofollow\" data-success_message=\"\u00ab\u00a0Saucisson Ib\u00e9rique de Bellota\u00a0\u00bb a \u00e9t\u00e9 ajout\u00e9 \u00e0 votre panier\" role=\"button\"><span>Ajouter au panier<\/span><\/a>\t<span id=\"woocommerce_loop_add_to_cart_link_describedby_4945\" class=\"screen-reader-text\">\n\t\t\t<\/span>\n<div class=\"wrap-addto\"><a class=\"quickview button la-quickview-button\" href=\"https:\/\/jamonappetit.com\/fr\/produit\/saucisson-iberique-de-bellota\/\" data-href=\"https:\/\/jamonappetit.com\/fr\/produit\/saucisson-iberique-de-bellota\/?product_quickview=4945\" title=\"Quick Shop\">Quick Shop<\/a><a class=\"add_wishlist button added\" href=\"#\" title=\"Add to Wishlist\" rel=\"nofollow\" data-product_title=\"Saucisson Ib\u00e9rique de Bellota\" data-product_id=\"4945\">Add to Wishlist<\/a><\/div>\t\t\t<\/div>\n\t\t<\/div>\n\t\t<div class=\"product_item--info\">\n\t\t\t<div class=\"product_item--info-inner\">\n\t\t\t\t<div class=\"product_item--category-link\"><a href=\"https:\/\/jamonappetit.com\/fr\/categorie-produit\/en-vedette\/\" rel=\"tag\">En vedette<\/a><span>, <\/span><a href=\"https:\/\/jamonappetit.com\/fr\/categorie-produit\/produits-jamon-appetit\/\" rel=\"tag\">Produits Jam\u00f3n App\u00e9tit<\/a><span>, <\/span><a href=\"https:\/\/jamonappetit.com\/fr\/categorie-produit\/produits-recommandes\/\" rel=\"tag\">Produits recommand\u00e9s<\/a><span>, <\/span><a href=\"https:\/\/jamonappetit.com\/fr\/categorie-produit\/produits-jamon-appetit\/saucisson\/\" rel=\"tag\">Saucisson<\/a><\/div><h3 class=\"product_item--title\"><a href=\"https:\/\/jamonappetit.com\/fr\/produit\/saucisson-iberique-de-bellota\/\">Saucisson Ib\u00e9rique de Bellota<\/a><\/h3>\n\t<span class=\"price\"><span class=\"woocommerce-Price-amount amount\"><bdi>25.00<span class=\"woocommerce-Price-currencySymbol\" translate=\"no\">&euro;<\/span><\/bdi><\/span><\/span>\n<div class=\"item--excerpt\"><p>Ce que l\u2019on nomme Saucisson Ib\u00e9rique est le m\u00e9lange de viande hach\u00e9e<br \/>\nissue exclusivement de porc ib\u00e9rique Pata Negra, de sel, de poivre et d\u2019ail<br \/>\nqui apr\u00e8s un processus de maturation-s\u00e9chage assure une bonne stabilit\u00e9 et<br \/>\nd\u00e9gage une odeur et une saveur caract\u00e9ristique de cette charcuterie.<\/p>\n<\/div>\t\t\t<\/div>\n\t\t\t<div class=\"product_item--action\">\n\t\t\t\t<div class=\"wrap-addto\"><a href=\"\/fr\/wp-json\/wp\/v2\/pages\/3840?add-to-cart=4945\" aria-describedby=\"woocommerce_loop_add_to_cart_link_describedby_4945\" data-quantity=\"1\" class=\"button product_type_simple add_to_cart_button ajax_add_to_cart\" data-product_id=\"4945\" data-product_sku=\"\" aria-label=\"Ajouter au panier\u00a0: &ldquo;Saucisson Ib\u00e9rique de Bellota&rdquo;\" rel=\"nofollow\" data-success_message=\"\u00ab\u00a0Saucisson Ib\u00e9rique de Bellota\u00a0\u00bb a \u00e9t\u00e9 ajout\u00e9 \u00e0 votre panier\" role=\"button\"><span>Ajouter au panier<\/span><\/a>\t<span id=\"woocommerce_loop_add_to_cart_link_describedby_4945\" class=\"screen-reader-text\">\n\t\t\t<\/span>\n<a class=\"add_wishlist button added\" href=\"#\" title=\"Add to Wishlist\" rel=\"nofollow\" data-product_title=\"Saucisson Ib\u00e9rique de Bellota\" data-product_id=\"4945\">Add to Wishlist<\/a><\/div>\t\t\t<\/div>\n\t\t<\/div>\n\t\t<\/div>\n<\/li>\n<li class=\"product_item grid-item product thumb-has-effect prod-rating-off type-product post-4942 status-publish instock product_cat-en-vedette product_cat-meilleures-ventes product_cat-produits-destremadure product_cat-produits-jamon-appetit product_cat-produits-recommandes has-post-thumbnail shipping-taxable purchasable product-type-simple\" data-width=\"1\" data-height=\"1\">\n\t\t<div class=\"product_item--inner\">\n\t\t<div class=\"product_item--thumbnail\">\n\t\t\t<div class=\"product_item--thumbnail-holder\">\n\t\t\t\t<a href=\"https:\/\/jamonappetit.com\/fr\/produit\/lomito-iberique-de-bellota-80gr-presentation-gourmet\/\" class=\"woocommerce-LoopProduct-link woocommerce-loop-product__link\"><img loading=\"lazy\" decoding=\"async\" width=\"420\" height=\"420\" src=\"https:\/\/jamonappetit.com\/wp-content\/uploads\/2021\/09\/Presentacion-Gourmet-Lomito-Iberico-de-Bellota-420x420.jpg\" class=\"attachment-woocommerce_thumbnail size-woocommerce_thumbnail\" alt=\"Lomito Ib\u00e9rique de Bellota 80gr Pres\u00e9ntation Gourmet\" srcset=\"https:\/\/jamonappetit.com\/wp-content\/uploads\/2021\/09\/Presentacion-Gourmet-Lomito-Iberico-de-Bellota-420x420.jpg 420w, https:\/\/jamonappetit.com\/wp-content\/uploads\/2021\/09\/Presentacion-Gourmet-Lomito-Iberico-de-Bellota-100x100.jpg 100w, https:\/\/jamonappetit.com\/wp-content\/uploads\/2021\/09\/Presentacion-Gourmet-Lomito-Iberico-de-Bellota-720x720.jpg 720w, https:\/\/jamonappetit.com\/wp-content\/uploads\/2021\/09\/Presentacion-Gourmet-Lomito-Iberico-de-Bellota-400x400.jpg 400w, https:\/\/jamonappetit.com\/wp-content\/uploads\/2021\/09\/Presentacion-Gourmet-Lomito-Iberico-de-Bellota-650x650.jpg 650w, https:\/\/jamonappetit.com\/wp-content\/uploads\/2021\/09\/Presentacion-Gourmet-Lomito-Iberico-de-Bellota.jpg 1280w\" sizes=\"auto, (max-width: 420px) 100vw, 420px\" \/><img loading=\"lazy\" decoding=\"async\" width=\"400\" height=\"400\" src=\"https:\/\/jamonappetit.com\/wp-content\/uploads\/2021\/09\/JAMONAPETITE-15-scaled-400x400.jpg\" class=\"wp-alt-image\" alt=\"\" srcset=\"https:\/\/jamonappetit.com\/wp-content\/uploads\/2021\/09\/JAMONAPETITE-15-scaled-400x400.jpg 400w, https:\/\/jamonappetit.com\/wp-content\/uploads\/2021\/09\/JAMONAPETITE-15-scaled-420x420.jpg 420w, https:\/\/jamonappetit.com\/wp-content\/uploads\/2021\/09\/JAMONAPETITE-15-scaled-100x100.jpg 100w, https:\/\/jamonappetit.com\/wp-content\/uploads\/2021\/09\/JAMONAPETITE-15-scaled-720x720.jpg 720w, https:\/\/jamonappetit.com\/wp-content\/uploads\/2021\/09\/JAMONAPETITE-15-scaled-650x650.jpg 650w\" sizes=\"auto, (max-width: 400px) 100vw, 400px\" \/><div class=\"item--overlay\"><\/div><\/a>\t\t\t<\/div>\n\t\t\t<div class=\"product_item--action\">\n\t\t\t\t<a href=\"\/fr\/wp-json\/wp\/v2\/pages\/3840?add-to-cart=4942\" aria-describedby=\"woocommerce_loop_add_to_cart_link_describedby_4942\" data-quantity=\"1\" class=\"button product_type_simple add_to_cart_button ajax_add_to_cart\" data-product_id=\"4942\" data-product_sku=\"\" aria-label=\"Ajouter au panier\u00a0: &ldquo;Lomito Ib\u00e9rique de Bellota 80gr Pres\u00e9ntation Gourmet&rdquo;\" rel=\"nofollow\" data-success_message=\"\u00ab\u00a0Lomito Ib\u00e9rique de Bellota 80gr Pres\u00e9ntation Gourmet\u00a0\u00bb a \u00e9t\u00e9 ajout\u00e9 \u00e0 votre panier\" role=\"button\"><span>Ajouter au panier<\/span><\/a>\t<span id=\"woocommerce_loop_add_to_cart_link_describedby_4942\" class=\"screen-reader-text\">\n\t\t\t<\/span>\n<div class=\"wrap-addto\"><a class=\"quickview button la-quickview-button\" href=\"https:\/\/jamonappetit.com\/fr\/produit\/lomito-iberique-de-bellota-80gr-presentation-gourmet\/\" data-href=\"https:\/\/jamonappetit.com\/fr\/produit\/lomito-iberique-de-bellota-80gr-presentation-gourmet\/?product_quickview=4942\" title=\"Quick Shop\">Quick Shop<\/a><a class=\"add_wishlist button added\" href=\"#\" title=\"Add to Wishlist\" rel=\"nofollow\" data-product_title=\"Lomito Ib\u00e9rique de Bellota 80gr Pres\u00e9ntation Gourmet\" data-product_id=\"4942\">Add to Wishlist<\/a><\/div>\t\t\t<\/div>\n\t\t<\/div>\n\t\t<div class=\"product_item--info\">\n\t\t\t<div class=\"product_item--info-inner\">\n\t\t\t\t<div class=\"product_item--category-link\"><a href=\"https:\/\/jamonappetit.com\/fr\/categorie-produit\/en-vedette\/\" rel=\"tag\">En vedette<\/a><span>, <\/span><a href=\"https:\/\/jamonappetit.com\/fr\/categorie-produit\/meilleures-ventes\/\" rel=\"tag\">Meilleures ventes<\/a><span>, <\/span><a href=\"https:\/\/jamonappetit.com\/fr\/categorie-produit\/produits-destremadure\/\" rel=\"tag\">Produits d`Estremadure<\/a><span>, <\/span><a href=\"https:\/\/jamonappetit.com\/fr\/categorie-produit\/produits-jamon-appetit\/\" rel=\"tag\">Produits Jam\u00f3n App\u00e9tit<\/a><span>, <\/span><a href=\"https:\/\/jamonappetit.com\/fr\/categorie-produit\/produits-recommandes\/\" rel=\"tag\">Produits recommand\u00e9s<\/a><\/div><h3 class=\"product_item--title\"><a href=\"https:\/\/jamonappetit.com\/fr\/produit\/lomito-iberique-de-bellota-80gr-presentation-gourmet\/\">Lomito Ib\u00e9rique de Bellota 80gr Pres\u00e9ntation Gourmet<\/a><\/h3>\n\t<span class=\"price\"><span class=\"woocommerce-Price-amount amount\"><bdi>14.00<span class=\"woocommerce-Price-currencySymbol\" translate=\"no\">&euro;<\/span><\/bdi><\/span><\/span>\n<div class=\"item--excerpt\"><p>Ce que l\u2019on nomme Lomito ib\u00e9rique de Bellota est une des parties<br \/>\nexceptionnelles du porc ib\u00e9rique. Elle correspond \u00e0 la viande qui se trouve<br \/>\nentre les omoplates du porc. C\u2019est une viande juteuse et un des meilleurs<br \/>\nmorceaux du porc ib\u00e9rique. Un des produits qui nous diff\u00e9rencie. Il ne<br \/>\nrepr\u00e9sente que deux fois 400 grammes environ sur un cochon de 170 kilos.<\/p>\n<\/div>\t\t\t<\/div>\n\t\t\t<div class=\"product_item--action\">\n\t\t\t\t<div class=\"wrap-addto\"><a href=\"\/fr\/wp-json\/wp\/v2\/pages\/3840?add-to-cart=4942\" aria-describedby=\"woocommerce_loop_add_to_cart_link_describedby_4942\" data-quantity=\"1\" class=\"button product_type_simple add_to_cart_button ajax_add_to_cart\" data-product_id=\"4942\" data-product_sku=\"\" aria-label=\"Ajouter au panier\u00a0: &ldquo;Lomito Ib\u00e9rique de Bellota 80gr Pres\u00e9ntation Gourmet&rdquo;\" rel=\"nofollow\" data-success_message=\"\u00ab\u00a0Lomito Ib\u00e9rique de Bellota 80gr Pres\u00e9ntation Gourmet\u00a0\u00bb a \u00e9t\u00e9 ajout\u00e9 \u00e0 votre panier\" role=\"button\"><span>Ajouter au panier<\/span><\/a>\t<span id=\"woocommerce_loop_add_to_cart_link_describedby_4942\" class=\"screen-reader-text\">\n\t\t\t<\/span>\n<a class=\"add_wishlist button added\" href=\"#\" title=\"Add to Wishlist\" rel=\"nofollow\" data-product_title=\"Lomito Ib\u00e9rique de Bellota 80gr Pres\u00e9ntation Gourmet\" data-product_id=\"4942\">Add to Wishlist<\/a><\/div>\t\t\t<\/div>\n\t\t<\/div>\n\t\t<\/div>\n<\/li>\n<li class=\"product_item grid-item product thumb-has-effect prod-rating-off type-product post-4946 status-publish last instock product_cat-en-vedette product_cat-produits-recommandes has-post-thumbnail shipping-taxable purchasable product-type-simple\" data-width=\"1\" data-height=\"1\">\n\t\t<div class=\"product_item--inner\">\n\t\t<div class=\"product_item--thumbnail\">\n\t\t\t<div class=\"product_item--thumbnail-holder\">\n\t\t\t\t<a href=\"https:\/\/jamonappetit.com\/fr\/produit\/chorizo-iberique-de-bellota-80g\/\" class=\"woocommerce-LoopProduct-link woocommerce-loop-product__link\"><img loading=\"lazy\" decoding=\"async\" width=\"420\" height=\"420\" src=\"https:\/\/jamonappetit.com\/wp-content\/uploads\/2021\/09\/Presentacion-Gourmet-Chorizo-Iberico-de-Bellota-420x420.jpg\" class=\"attachment-woocommerce_thumbnail size-woocommerce_thumbnail\" alt=\"Chorizo Ib\u00e9rique de Bellota 80g Pres\u00e9ntation Gourmet\" srcset=\"https:\/\/jamonappetit.com\/wp-content\/uploads\/2021\/09\/Presentacion-Gourmet-Chorizo-Iberico-de-Bellota-420x420.jpg 420w, https:\/\/jamonappetit.com\/wp-content\/uploads\/2021\/09\/Presentacion-Gourmet-Chorizo-Iberico-de-Bellota-100x100.jpg 100w, https:\/\/jamonappetit.com\/wp-content\/uploads\/2021\/09\/Presentacion-Gourmet-Chorizo-Iberico-de-Bellota-720x720.jpg 720w, https:\/\/jamonappetit.com\/wp-content\/uploads\/2021\/09\/Presentacion-Gourmet-Chorizo-Iberico-de-Bellota-400x400.jpg 400w, https:\/\/jamonappetit.com\/wp-content\/uploads\/2021\/09\/Presentacion-Gourmet-Chorizo-Iberico-de-Bellota-650x650.jpg 650w, https:\/\/jamonappetit.com\/wp-content\/uploads\/2021\/09\/Presentacion-Gourmet-Chorizo-Iberico-de-Bellota.jpg 1280w\" sizes=\"auto, (max-width: 420px) 100vw, 420px\" \/><img loading=\"lazy\" decoding=\"async\" width=\"400\" height=\"400\" src=\"https:\/\/jamonappetit.com\/wp-content\/uploads\/2021\/09\/JAMONAPETITE-14-scaled-400x400.jpg\" class=\"wp-alt-image\" alt=\"\" srcset=\"https:\/\/jamonappetit.com\/wp-content\/uploads\/2021\/09\/JAMONAPETITE-14-scaled-400x400.jpg 400w, https:\/\/jamonappetit.com\/wp-content\/uploads\/2021\/09\/JAMONAPETITE-14-scaled-420x420.jpg 420w, https:\/\/jamonappetit.com\/wp-content\/uploads\/2021\/09\/JAMONAPETITE-14-scaled-100x100.jpg 100w, https:\/\/jamonappetit.com\/wp-content\/uploads\/2021\/09\/JAMONAPETITE-14-scaled-720x720.jpg 720w, https:\/\/jamonappetit.com\/wp-content\/uploads\/2021\/09\/JAMONAPETITE-14-scaled-650x650.jpg 650w\" sizes=\"auto, (max-width: 400px) 100vw, 400px\" \/><div class=\"item--overlay\"><\/div><\/a>\t\t\t<\/div>\n\t\t\t<div class=\"product_item--action\">\n\t\t\t\t<a href=\"\/fr\/wp-json\/wp\/v2\/pages\/3840?add-to-cart=4946\" aria-describedby=\"woocommerce_loop_add_to_cart_link_describedby_4946\" data-quantity=\"1\" class=\"button product_type_simple add_to_cart_button ajax_add_to_cart\" data-product_id=\"4946\" data-product_sku=\"\" aria-label=\"Ajouter au panier\u00a0: &ldquo;Chorizo Ib\u00e9rique de Bellota 80g Pres\u00e9ntation Gourmet&rdquo;\" rel=\"nofollow\" data-success_message=\"\u00ab\u00a0Chorizo Ib\u00e9rique de Bellota 80g Pres\u00e9ntation Gourmet\u00a0\u00bb a \u00e9t\u00e9 ajout\u00e9 \u00e0 votre panier\" role=\"button\"><span>Ajouter au panier<\/span><\/a>\t<span id=\"woocommerce_loop_add_to_cart_link_describedby_4946\" class=\"screen-reader-text\">\n\t\t\t<\/span>\n<div class=\"wrap-addto\"><a class=\"quickview button la-quickview-button\" href=\"https:\/\/jamonappetit.com\/fr\/produit\/chorizo-iberique-de-bellota-80g\/\" data-href=\"https:\/\/jamonappetit.com\/fr\/produit\/chorizo-iberique-de-bellota-80g\/?product_quickview=4946\" title=\"Quick Shop\">Quick Shop<\/a><a class=\"add_wishlist button added\" href=\"#\" title=\"Add to Wishlist\" rel=\"nofollow\" data-product_title=\"Chorizo Ib\u00e9rique de Bellota 80g Pres\u00e9ntation Gourmet\" data-product_id=\"4946\">Add to Wishlist<\/a><\/div>\t\t\t<\/div>\n\t\t<\/div>\n\t\t<div class=\"product_item--info\">\n\t\t\t<div class=\"product_item--info-inner\">\n\t\t\t\t<div class=\"product_item--category-link\"><a href=\"https:\/\/jamonappetit.com\/fr\/categorie-produit\/en-vedette\/\" rel=\"tag\">En vedette<\/a><span>, <\/span><a href=\"https:\/\/jamonappetit.com\/fr\/categorie-produit\/produits-recommandes\/\" rel=\"tag\">Produits recommand\u00e9s<\/a><\/div><h3 class=\"product_item--title\"><a href=\"https:\/\/jamonappetit.com\/fr\/produit\/chorizo-iberique-de-bellota-80g\/\">Chorizo Ib\u00e9rique de Bellota 80g Pres\u00e9ntation Gourmet<\/a><\/h3>\n\t<span class=\"price\"><span class=\"woocommerce-Price-amount amount\"><bdi>8.25<span class=\"woocommerce-Price-currencySymbol\" translate=\"no\">&euro;<\/span><\/bdi><\/span><\/span>\n<div class=\"item--excerpt\"><p>Ce que l\u2019on nomme Chorizo Ib\u00e9rique est le m\u00e9lange de viande hach\u00e9e<br \/>\nissue exclusivement de porc Ib\u00e9rique, sel, paprika, ail et sucre qui apr\u00e8s un<br \/>\nprocessusde maturation-s\u00e9chage se caract\u00e9rise par sa couleur rougeorang\u00e9,<br \/>\nson odeur \u00e0 \u00e9pices et sa saveur intense en bouche.<\/p>\n<\/div>\t\t\t<\/div>\n\t\t\t<div class=\"product_item--action\">\n\t\t\t\t<div class=\"wrap-addto\"><a href=\"\/fr\/wp-json\/wp\/v2\/pages\/3840?add-to-cart=4946\" aria-describedby=\"woocommerce_loop_add_to_cart_link_describedby_4946\" data-quantity=\"1\" class=\"button product_type_simple add_to_cart_button ajax_add_to_cart\" data-product_id=\"4946\" data-product_sku=\"\" aria-label=\"Ajouter au panier\u00a0: &ldquo;Chorizo Ib\u00e9rique de Bellota 80g Pres\u00e9ntation Gourmet&rdquo;\" rel=\"nofollow\" data-success_message=\"\u00ab\u00a0Chorizo Ib\u00e9rique de Bellota 80g Pres\u00e9ntation Gourmet\u00a0\u00bb a \u00e9t\u00e9 ajout\u00e9 \u00e0 votre panier\" role=\"button\"><span>Ajouter au panier<\/span><\/a>\t<span id=\"woocommerce_loop_add_to_cart_link_describedby_4946\" class=\"screen-reader-text\">\n\t\t\t<\/span>\n<a class=\"add_wishlist button added\" href=\"#\" title=\"Add to Wishlist\" rel=\"nofollow\" data-product_title=\"Chorizo Ib\u00e9rique de Bellota 80g Pres\u00e9ntation Gourmet\" data-product_id=\"4946\">Add to Wishlist<\/a><\/div>\t\t\t<\/div>\n\t\t<\/div>\n\t\t<\/div>\n<\/li>\n        <\/ul>\n    <\/div><!-- .col-xs-12 -->\n<\/div><!-- .row --><\/div>[vc_custom_heading text=\u00a0\u00bb<u>Tous les produits<\/u>\u00a0\u00bb font_container=\u00a0\u00bbtag:div|font_size:10px|text_align:center|color:%23232324&Prime; use_theme_fonts=\u00a0\u00bbyes\u00a0\u00bb link=\u00a0\u00bburl:http%3A%2F%2Fjamonappetit.com%2Ffr%2Fboutique%2F|||\u00a0\u00bb el_class=\u00a0\u00bbletter-spacing-2&Prime;][la_divider height=\u00a0\u00bblg:70px;\u00a0\u00bb][\/vc_column][\/vc_row][vc_row][vc_column][la_divider height=\u00a0\u00bblg:30px;\u00a0\u00bb][la_heading title=\u00a0\u00bbJam\u00f3n App\u00e9tit\u00a0\u00bb title_class=\u00a0\u00bbmargin-bottom-5 three-font-family font-weight-400&Prime; title_fz=\u00a0\u00bblg:48px;md:36px;sm:30px;xs:24px;\u00a0\u00bb subtitle_fz=\u00a0\u00bblg:14px;md:12px;\u00a0\u00bb]Endroits o\u00f9 Jam\u00f3n App\u00e9tit est pr\u00e9sent[\/la_heading][la_divider height=\u00a0\u00bblg:30px;\u00a0\u00bb][vc_single_image image=\u00a0\u00bb3876&Prime; img_size=\u00a0\u00bbfull\u00a0\u00bb alignment=\u00a0\u00bbright\u00a0\u00bb css_animation=\u00a0\u00bbfadeInUp\u00a0\u00bb][la_divider height=\u00a0\u00bblg:30px;\u00a0\u00bb][\/vc_column][\/vc_row][vc_row][vc_column][la_heading title=\u00a0\u00bbMeilleures ventes\u00a0\u00bb title_class=\u00a0\u00bbmargin-bottom-5 three-font-family font-weight-400&Prime; title_fz=\u00a0\u00bblg:48px;md:36px;sm:30px;xs:24px;\u00a0\u00bb subtitle_fz=\u00a0\u00bblg:14px;md:12px;\u00a0\u00bb]Produits les plus vendus au cours du dernier mois[\/la_heading][la_divider height=\u00a0\u00bblg:30px;\u00a0\u00bb][\/vc_column][\/vc_row][vc_row full_width=\u00a0\u00bbstretch_row_content\u00a0\u00bb el_class=\u00a0\u00bbla_row_gap_120&Prime;][vc_column]<div class=\"woocommerce columns-4 \"><div class=\"row\">\n    <div class=\"col-xs-12\">\n        <ul class=\"products products-grid grid-space-default products-grid-1 grid-items xlg-grid-4-items lg-grid-4-items md-grid-3-items sm-grid-2-items xs-grid-1-items mb-grid-1-items\" data-item_selector=\".product_item\" data-item_margin=\"0\" data-item-width=\"270\" data-item-height=\"450\" data-md-col=\"3\" data-sm-col=\"2\" data-xs-col=\"1\" data-mb-col=\"1\" data-la_component=\"\" data-la-effect=\"sequencefade\"><li class=\"product_item grid-item product thumb-no-effect prod-rating-off type-product post-4938 status-publish first instock product_cat-en-vedette product_cat-epaule product_cat-meilleures-ventes product_cat-produits-jamon-appetit product_cat-produits-recommandes has-post-thumbnail shipping-taxable purchasable product-type-simple\" data-width=\"1\" data-height=\"1\">\n\t\t<div class=\"product_item--inner\">\n\t\t<div class=\"product_item--thumbnail\">\n\t\t\t<div class=\"product_item--thumbnail-holder\">\n\t\t\t\t<a href=\"https:\/\/jamonappetit.com\/fr\/produit\/paleta-iberique-de-bellota-coupee-au-couteau-80g\/\" class=\"woocommerce-LoopProduct-link woocommerce-loop-product__link\"><img loading=\"lazy\" decoding=\"async\" width=\"420\" height=\"420\" src=\"https:\/\/jamonappetit.com\/wp-content\/uploads\/2018\/03\/JAMON-APPETIT-13-420x420.jpg\" class=\"attachment-woocommerce_thumbnail size-woocommerce_thumbnail\" alt=\"Paleta Ib\u00e9rique de Bellota \u2014coup\u00e9e au couteau 80g\u2014\" srcset=\"https:\/\/jamonappetit.com\/wp-content\/uploads\/2018\/03\/JAMON-APPETIT-13-420x420.jpg 420w, https:\/\/jamonappetit.com\/wp-content\/uploads\/2018\/03\/JAMON-APPETIT-13-100x100.jpg 100w, https:\/\/jamonappetit.com\/wp-content\/uploads\/2018\/03\/JAMON-APPETIT-13-720x720.jpg 720w, https:\/\/jamonappetit.com\/wp-content\/uploads\/2018\/03\/JAMON-APPETIT-13-400x400.jpg 400w, https:\/\/jamonappetit.com\/wp-content\/uploads\/2018\/03\/JAMON-APPETIT-13-650x650.jpg 650w, https:\/\/jamonappetit.com\/wp-content\/uploads\/2018\/03\/JAMON-APPETIT-13.jpg 1080w\" sizes=\"auto, (max-width: 420px) 100vw, 420px\" \/><div class=\"item--overlay\"><\/div><\/a>\t\t\t<\/div>\n\t\t\t<div class=\"product_item--action\">\n\t\t\t\t<a href=\"\/fr\/wp-json\/wp\/v2\/pages\/3840?add-to-cart=4938\" aria-describedby=\"woocommerce_loop_add_to_cart_link_describedby_4938\" data-quantity=\"1\" class=\"button product_type_simple add_to_cart_button ajax_add_to_cart\" data-product_id=\"4938\" data-product_sku=\"\" aria-label=\"Ajouter au panier\u00a0: &ldquo;Paleta Ib\u00e9rique de Bellota \u2014coup\u00e9e au couteau 80g\u2014&rdquo;\" rel=\"nofollow\" data-success_message=\"\u00ab\u00a0Paleta Ib\u00e9rique de Bellota \u2014coup\u00e9e au couteau 80g\u2014\u00a0\u00bb a \u00e9t\u00e9 ajout\u00e9 \u00e0 votre panier\" role=\"button\"><span>Ajouter au panier<\/span><\/a>\t<span id=\"woocommerce_loop_add_to_cart_link_describedby_4938\" class=\"screen-reader-text\">\n\t\t\t<\/span>\n<div class=\"wrap-addto\"><a class=\"quickview button la-quickview-button\" href=\"https:\/\/jamonappetit.com\/fr\/produit\/paleta-iberique-de-bellota-coupee-au-couteau-80g\/\" data-href=\"https:\/\/jamonappetit.com\/fr\/produit\/paleta-iberique-de-bellota-coupee-au-couteau-80g\/?product_quickview=4938\" title=\"Quick Shop\">Quick Shop<\/a><a class=\"add_wishlist button added\" href=\"#\" title=\"Add to Wishlist\" rel=\"nofollow\" data-product_title=\"Paleta Ib\u00e9rique de Bellota \u2014coup\u00e9e au couteau 80g\u2014\" data-product_id=\"4938\">Add to Wishlist<\/a><\/div>\t\t\t<\/div>\n\t\t<\/div>\n\t\t<div class=\"product_item--info\">\n\t\t\t<div class=\"product_item--info-inner\">\n\t\t\t\t<div class=\"product_item--category-link\"><a href=\"https:\/\/jamonappetit.com\/fr\/categorie-produit\/en-vedette\/\" rel=\"tag\">En vedette<\/a><span>, <\/span><a href=\"https:\/\/jamonappetit.com\/fr\/categorie-produit\/produits-jamon-appetit\/epaule\/\" rel=\"tag\">\u00c9paule<\/a><span>, <\/span><a href=\"https:\/\/jamonappetit.com\/fr\/categorie-produit\/meilleures-ventes\/\" rel=\"tag\">Meilleures ventes<\/a><span>, <\/span><a href=\"https:\/\/jamonappetit.com\/fr\/categorie-produit\/produits-jamon-appetit\/\" rel=\"tag\">Produits Jam\u00f3n App\u00e9tit<\/a><span>, <\/span><a href=\"https:\/\/jamonappetit.com\/fr\/categorie-produit\/produits-recommandes\/\" rel=\"tag\">Produits recommand\u00e9s<\/a><\/div><h3 class=\"product_item--title\"><a href=\"https:\/\/jamonappetit.com\/fr\/produit\/paleta-iberique-de-bellota-coupee-au-couteau-80g\/\">Paleta Ib\u00e9rique de Bellota \u2014coup\u00e9e au couteau 80g\u2014<\/a><\/h3>\n\t<span class=\"price\"><span class=\"woocommerce-Price-amount amount\"><bdi>16.00<span class=\"woocommerce-Price-currencySymbol\" translate=\"no\">&euro;<\/span><\/bdi><\/span><\/span>\n<div class=\"item--excerpt\"><p>Jambon d\u2019\u00e9paule de Porc Ib\u00e9rique de Bellota (Pata Negra) elev\u00e9 en plein air dans les dehesas naturelles d` Estr\u00e9madure et<br \/>\nils ont une alimentation \u00e0 base de Bellotas (Glands de ch\u00eanes verts) en p\u00e9riode de montanera et fourrages verts.<\/p>\n<p>80g<\/p>\n<\/div>\t\t\t<\/div>\n\t\t\t<div class=\"product_item--action\">\n\t\t\t\t<div class=\"wrap-addto\"><a href=\"\/fr\/wp-json\/wp\/v2\/pages\/3840?add-to-cart=4938\" aria-describedby=\"woocommerce_loop_add_to_cart_link_describedby_4938\" data-quantity=\"1\" class=\"button product_type_simple add_to_cart_button ajax_add_to_cart\" data-product_id=\"4938\" data-product_sku=\"\" aria-label=\"Ajouter au panier\u00a0: &ldquo;Paleta Ib\u00e9rique de Bellota \u2014coup\u00e9e au couteau 80g\u2014&rdquo;\" rel=\"nofollow\" data-success_message=\"\u00ab\u00a0Paleta Ib\u00e9rique de Bellota \u2014coup\u00e9e au couteau 80g\u2014\u00a0\u00bb a \u00e9t\u00e9 ajout\u00e9 \u00e0 votre panier\" role=\"button\"><span>Ajouter au panier<\/span><\/a>\t<span id=\"woocommerce_loop_add_to_cart_link_describedby_4938\" class=\"screen-reader-text\">\n\t\t\t<\/span>\n<a class=\"add_wishlist button added\" href=\"#\" title=\"Add to Wishlist\" rel=\"nofollow\" data-product_title=\"Paleta Ib\u00e9rique de Bellota \u2014coup\u00e9e au couteau 80g\u2014\" data-product_id=\"4938\">Add to Wishlist<\/a><\/div>\t\t\t<\/div>\n\t\t<\/div>\n\t\t<\/div>\n<\/li>\n<li class=\"product_item grid-item product thumb-no-effect prod-rating-off type-product post-4940 status-publish instock product_cat-en-vedette product_cat-epaule product_cat-meilleures-ventes product_cat-produits-destremadure product_cat-produits-jamon-appetit product_cat-produits-recommandes has-post-thumbnail shipping-taxable purchasable product-type-simple\" data-width=\"1\" data-height=\"1\">\n\t\t<div class=\"product_item--inner\">\n\t\t<div class=\"product_item--thumbnail\">\n\t\t\t<div class=\"product_item--thumbnail-holder\">\n\t\t\t\t<a href=\"https:\/\/jamonappetit.com\/fr\/produit\/paleta-iberique-de-campo-coupee-au-couteau-80-g\/\" class=\"woocommerce-LoopProduct-link woocommerce-loop-product__link\"><img loading=\"lazy\" decoding=\"async\" width=\"420\" height=\"420\" src=\"https:\/\/jamonappetit.com\/wp-content\/uploads\/2021\/09\/Jamon-Cebo-Campo-sobre-cortado-420x420.jpg\" class=\"attachment-woocommerce_thumbnail size-woocommerce_thumbnail\" alt=\"Paleta Ib\u00e9rique de Campo \u2014coup\u00e9e au couteau 80 g\u2014\" srcset=\"https:\/\/jamonappetit.com\/wp-content\/uploads\/2021\/09\/Jamon-Cebo-Campo-sobre-cortado-420x420.jpg 420w, https:\/\/jamonappetit.com\/wp-content\/uploads\/2021\/09\/Jamon-Cebo-Campo-sobre-cortado-100x100.jpg 100w, https:\/\/jamonappetit.com\/wp-content\/uploads\/2021\/09\/Jamon-Cebo-Campo-sobre-cortado-720x720.jpg 720w, https:\/\/jamonappetit.com\/wp-content\/uploads\/2021\/09\/Jamon-Cebo-Campo-sobre-cortado-400x400.jpg 400w, https:\/\/jamonappetit.com\/wp-content\/uploads\/2021\/09\/Jamon-Cebo-Campo-sobre-cortado-650x650.jpg 650w, https:\/\/jamonappetit.com\/wp-content\/uploads\/2021\/09\/Jamon-Cebo-Campo-sobre-cortado.jpg 1280w\" sizes=\"auto, (max-width: 420px) 100vw, 420px\" \/><div class=\"item--overlay\"><\/div><\/a>\t\t\t<\/div>\n\t\t\t<div class=\"product_item--action\">\n\t\t\t\t<a href=\"\/fr\/wp-json\/wp\/v2\/pages\/3840?add-to-cart=4940\" aria-describedby=\"woocommerce_loop_add_to_cart_link_describedby_4940\" data-quantity=\"1\" class=\"button product_type_simple add_to_cart_button ajax_add_to_cart\" data-product_id=\"4940\" data-product_sku=\"\" aria-label=\"Ajouter au panier\u00a0: &ldquo;Paleta Ib\u00e9rique de Campo \u2014coup\u00e9e au couteau 80 g\u2014&rdquo;\" rel=\"nofollow\" data-success_message=\"\u00ab\u00a0Paleta Ib\u00e9rique de Campo \u2014coup\u00e9e au couteau 80 g\u2014\u00a0\u00bb a \u00e9t\u00e9 ajout\u00e9 \u00e0 votre panier\" role=\"button\"><span>Ajouter au panier<\/span><\/a>\t<span id=\"woocommerce_loop_add_to_cart_link_describedby_4940\" class=\"screen-reader-text\">\n\t\t\t<\/span>\n<div class=\"wrap-addto\"><a class=\"quickview button la-quickview-button\" href=\"https:\/\/jamonappetit.com\/fr\/produit\/paleta-iberique-de-campo-coupee-au-couteau-80-g\/\" data-href=\"https:\/\/jamonappetit.com\/fr\/produit\/paleta-iberique-de-campo-coupee-au-couteau-80-g\/?product_quickview=4940\" title=\"Quick Shop\">Quick Shop<\/a><a class=\"add_wishlist button added\" href=\"#\" title=\"Add to Wishlist\" rel=\"nofollow\" data-product_title=\"Paleta Ib\u00e9rique de Campo \u2014coup\u00e9e au couteau 80 g\u2014\" data-product_id=\"4940\">Add to Wishlist<\/a><\/div>\t\t\t<\/div>\n\t\t<\/div>\n\t\t<div class=\"product_item--info\">\n\t\t\t<div class=\"product_item--info-inner\">\n\t\t\t\t<div class=\"product_item--category-link\"><a href=\"https:\/\/jamonappetit.com\/fr\/categorie-produit\/en-vedette\/\" rel=\"tag\">En vedette<\/a><span>, <\/span><a href=\"https:\/\/jamonappetit.com\/fr\/categorie-produit\/produits-jamon-appetit\/epaule\/\" rel=\"tag\">\u00c9paule<\/a><span>, <\/span><a href=\"https:\/\/jamonappetit.com\/fr\/categorie-produit\/meilleures-ventes\/\" rel=\"tag\">Meilleures ventes<\/a><span>, <\/span><a href=\"https:\/\/jamonappetit.com\/fr\/categorie-produit\/produits-destremadure\/\" rel=\"tag\">Produits d`Estremadure<\/a><span>, <\/span><a href=\"https:\/\/jamonappetit.com\/fr\/categorie-produit\/produits-jamon-appetit\/\" rel=\"tag\">Produits Jam\u00f3n App\u00e9tit<\/a><span>, <\/span><a href=\"https:\/\/jamonappetit.com\/fr\/categorie-produit\/produits-recommandes\/\" rel=\"tag\">Produits recommand\u00e9s<\/a><\/div><h3 class=\"product_item--title\"><a href=\"https:\/\/jamonappetit.com\/fr\/produit\/paleta-iberique-de-campo-coupee-au-couteau-80-g\/\">Paleta Ib\u00e9rique de Campo \u2014coup\u00e9e au couteau 80 g\u2014<\/a><\/h3>\n\t<span class=\"price\"><span class=\"woocommerce-Price-amount amount\"><bdi>11.95<span class=\"woocommerce-Price-currencySymbol\" translate=\"no\">&euro;<\/span><\/bdi><\/span><\/span>\n<div class=\"item--excerpt\"><p>Jambon d\u2019\u00e9paule de Porc Ib\u00e9rique de Campo (Pata Negra) elev\u00e9 en semilibert\u00e9 dans les dehesas naturelles d` Estr\u00e9madure<br \/>\net ils ont une alimentation \u00e0 base aliment naturel, fourrages verts et quelques bellotas (Glands de ch\u00eanes verts)<\/p>\n<p>80g<\/p>\n<\/div>\t\t\t<\/div>\n\t\t\t<div class=\"product_item--action\">\n\t\t\t\t<div class=\"wrap-addto\"><a href=\"\/fr\/wp-json\/wp\/v2\/pages\/3840?add-to-cart=4940\" aria-describedby=\"woocommerce_loop_add_to_cart_link_describedby_4940\" data-quantity=\"1\" class=\"button product_type_simple add_to_cart_button ajax_add_to_cart\" data-product_id=\"4940\" data-product_sku=\"\" aria-label=\"Ajouter au panier\u00a0: &ldquo;Paleta Ib\u00e9rique de Campo \u2014coup\u00e9e au couteau 80 g\u2014&rdquo;\" rel=\"nofollow\" data-success_message=\"\u00ab\u00a0Paleta Ib\u00e9rique de Campo \u2014coup\u00e9e au couteau 80 g\u2014\u00a0\u00bb a \u00e9t\u00e9 ajout\u00e9 \u00e0 votre panier\" role=\"button\"><span>Ajouter au panier<\/span><\/a>\t<span id=\"woocommerce_loop_add_to_cart_link_describedby_4940\" class=\"screen-reader-text\">\n\t\t\t<\/span>\n<a class=\"add_wishlist button added\" href=\"#\" title=\"Add to Wishlist\" rel=\"nofollow\" data-product_title=\"Paleta Ib\u00e9rique de Campo \u2014coup\u00e9e au couteau 80 g\u2014\" data-product_id=\"4940\">Add to Wishlist<\/a><\/div>\t\t\t<\/div>\n\t\t<\/div>\n\t\t<\/div>\n<\/li>\n<li class=\"product_item grid-item product thumb-has-effect prod-rating-off type-product post-4941 status-publish instock product_cat-en-vedette product_cat-meilleures-ventes product_cat-produits-destremadure product_cat-produits-jamon-appetit product_cat-produits-recommandes has-post-thumbnail shipping-taxable purchasable product-type-simple\" data-width=\"1\" data-height=\"1\">\n\t\t<div class=\"product_item--inner\">\n\t\t<div class=\"product_item--thumbnail\">\n\t\t\t<div class=\"product_item--thumbnail-holder\">\n\t\t\t\t<a href=\"https:\/\/jamonappetit.com\/fr\/produit\/lomito-iberique-de-bellota\/\" class=\"woocommerce-LoopProduct-link woocommerce-loop-product__link\"><img loading=\"lazy\" decoding=\"async\" width=\"420\" height=\"420\" src=\"https:\/\/jamonappetit.com\/wp-content\/uploads\/2021\/09\/JAMONAPETITE-9-scaled-420x420.jpg\" class=\"attachment-woocommerce_thumbnail size-woocommerce_thumbnail\" alt=\"Lomito Ib\u00e9rique de Bellota\" srcset=\"https:\/\/jamonappetit.com\/wp-content\/uploads\/2021\/09\/JAMONAPETITE-9-scaled-420x420.jpg 420w, https:\/\/jamonappetit.com\/wp-content\/uploads\/2021\/09\/JAMONAPETITE-9-scaled-100x100.jpg 100w, https:\/\/jamonappetit.com\/wp-content\/uploads\/2021\/09\/JAMONAPETITE-9-scaled-720x720.jpg 720w, https:\/\/jamonappetit.com\/wp-content\/uploads\/2021\/09\/JAMONAPETITE-9-scaled-400x400.jpg 400w, https:\/\/jamonappetit.com\/wp-content\/uploads\/2021\/09\/JAMONAPETITE-9-scaled-650x650.jpg 650w\" sizes=\"auto, (max-width: 420px) 100vw, 420px\" \/><img loading=\"lazy\" decoding=\"async\" width=\"400\" height=\"400\" src=\"https:\/\/jamonappetit.com\/wp-content\/uploads\/2021\/09\/JAMONAPETITE-15-scaled-400x400.jpg\" class=\"wp-alt-image\" alt=\"\" srcset=\"https:\/\/jamonappetit.com\/wp-content\/uploads\/2021\/09\/JAMONAPETITE-15-scaled-400x400.jpg 400w, https:\/\/jamonappetit.com\/wp-content\/uploads\/2021\/09\/JAMONAPETITE-15-scaled-420x420.jpg 420w, https:\/\/jamonappetit.com\/wp-content\/uploads\/2021\/09\/JAMONAPETITE-15-scaled-100x100.jpg 100w, https:\/\/jamonappetit.com\/wp-content\/uploads\/2021\/09\/JAMONAPETITE-15-scaled-720x720.jpg 720w, https:\/\/jamonappetit.com\/wp-content\/uploads\/2021\/09\/JAMONAPETITE-15-scaled-650x650.jpg 650w\" sizes=\"auto, (max-width: 400px) 100vw, 400px\" \/><div class=\"item--overlay\"><\/div><\/a>\t\t\t<\/div>\n\t\t\t<div class=\"product_item--action\">\n\t\t\t\t<a href=\"\/fr\/wp-json\/wp\/v2\/pages\/3840?add-to-cart=4941\" aria-describedby=\"woocommerce_loop_add_to_cart_link_describedby_4941\" data-quantity=\"1\" class=\"button product_type_simple add_to_cart_button ajax_add_to_cart\" data-product_id=\"4941\" data-product_sku=\"\" aria-label=\"Ajouter au panier\u00a0: &ldquo;Lomito Ib\u00e9rique de Bellota&rdquo;\" rel=\"nofollow\" data-success_message=\"\u00ab\u00a0Lomito Ib\u00e9rique de Bellota\u00a0\u00bb a \u00e9t\u00e9 ajout\u00e9 \u00e0 votre panier\" role=\"button\"><span>Ajouter au panier<\/span><\/a>\t<span id=\"woocommerce_loop_add_to_cart_link_describedby_4941\" class=\"screen-reader-text\">\n\t\t\t<\/span>\n<div class=\"wrap-addto\"><a class=\"quickview button la-quickview-button\" href=\"https:\/\/jamonappetit.com\/fr\/produit\/lomito-iberique-de-bellota\/\" data-href=\"https:\/\/jamonappetit.com\/fr\/produit\/lomito-iberique-de-bellota\/?product_quickview=4941\" title=\"Quick Shop\">Quick Shop<\/a><a class=\"add_wishlist button added\" href=\"#\" title=\"Add to Wishlist\" rel=\"nofollow\" data-product_title=\"Lomito Ib\u00e9rique de Bellota\" data-product_id=\"4941\">Add to Wishlist<\/a><\/div>\t\t\t<\/div>\n\t\t<\/div>\n\t\t<div class=\"product_item--info\">\n\t\t\t<div class=\"product_item--info-inner\">\n\t\t\t\t<div class=\"product_item--category-link\"><a href=\"https:\/\/jamonappetit.com\/fr\/categorie-produit\/en-vedette\/\" rel=\"tag\">En vedette<\/a><span>, <\/span><a href=\"https:\/\/jamonappetit.com\/fr\/categorie-produit\/meilleures-ventes\/\" rel=\"tag\">Meilleures ventes<\/a><span>, <\/span><a href=\"https:\/\/jamonappetit.com\/fr\/categorie-produit\/produits-destremadure\/\" rel=\"tag\">Produits d`Estremadure<\/a><span>, <\/span><a href=\"https:\/\/jamonappetit.com\/fr\/categorie-produit\/produits-jamon-appetit\/\" rel=\"tag\">Produits Jam\u00f3n App\u00e9tit<\/a><span>, <\/span><a href=\"https:\/\/jamonappetit.com\/fr\/categorie-produit\/produits-recommandes\/\" rel=\"tag\">Produits recommand\u00e9s<\/a><\/div><h3 class=\"product_item--title\"><a href=\"https:\/\/jamonappetit.com\/fr\/produit\/lomito-iberique-de-bellota\/\">Lomito Ib\u00e9rique de Bellota<\/a><\/h3>\n\t<span class=\"price\"><span class=\"woocommerce-Price-amount amount\"><bdi>49.50<span class=\"woocommerce-Price-currencySymbol\" translate=\"no\">&euro;<\/span><\/bdi><\/span><\/span>\n<div class=\"item--excerpt\"><p>Ce que l\u2019on nomme Lomito ib\u00e9rique de Bellota est une des parties<br \/>\nexceptionnelles du porc ib\u00e9rique. Elle correspond \u00e0 la viande qui se trouve<br \/>\nentre les omoplates du porc. C\u2019est une viande juteuse et un des meilleurs<br \/>\nmorceaux du porc ib\u00e9rique. Un des produits qui nous diff\u00e9rencie. Il ne<br \/>\nrepr\u00e9sente que deux fois 400 grammes environ sur un cochon de 170 kilos.<\/p>\n<\/div>\t\t\t<\/div>\n\t\t\t<div class=\"product_item--action\">\n\t\t\t\t<div class=\"wrap-addto\"><a href=\"\/fr\/wp-json\/wp\/v2\/pages\/3840?add-to-cart=4941\" aria-describedby=\"woocommerce_loop_add_to_cart_link_describedby_4941\" data-quantity=\"1\" class=\"button product_type_simple add_to_cart_button ajax_add_to_cart\" data-product_id=\"4941\" data-product_sku=\"\" aria-label=\"Ajouter au panier\u00a0: &ldquo;Lomito Ib\u00e9rique de Bellota&rdquo;\" rel=\"nofollow\" data-success_message=\"\u00ab\u00a0Lomito Ib\u00e9rique de Bellota\u00a0\u00bb a \u00e9t\u00e9 ajout\u00e9 \u00e0 votre panier\" role=\"button\"><span>Ajouter au panier<\/span><\/a>\t<span id=\"woocommerce_loop_add_to_cart_link_describedby_4941\" class=\"screen-reader-text\">\n\t\t\t<\/span>\n<a class=\"add_wishlist button added\" href=\"#\" title=\"Add to Wishlist\" rel=\"nofollow\" data-product_title=\"Lomito Ib\u00e9rique de Bellota\" data-product_id=\"4941\">Add to Wishlist<\/a><\/div>\t\t\t<\/div>\n\t\t<\/div>\n\t\t<\/div>\n<\/li>\n<li class=\"product_item grid-item product thumb-has-effect prod-rating-off type-product post-4943 status-publish last instock product_cat-en-vedette product_cat-lomo-fr product_cat-meilleures-ventes product_cat-produits-jamon-appetit product_cat-produits-recommandes has-post-thumbnail shipping-taxable purchasable product-type-simple\" data-width=\"1\" data-height=\"1\">\n\t\t<div class=\"product_item--inner\">\n\t\t<div class=\"product_item--thumbnail\">\n\t\t\t<div class=\"product_item--thumbnail-holder\">\n\t\t\t\t<a href=\"https:\/\/jamonappetit.com\/fr\/produit\/lomo-iberique-de-bellota\/\" class=\"woocommerce-LoopProduct-link woocommerce-loop-product__link\"><img loading=\"lazy\" decoding=\"async\" width=\"420\" height=\"420\" src=\"https:\/\/jamonappetit.com\/wp-content\/uploads\/2021\/09\/LOMO-IBERICO-DE-BELLOTA-scaled-420x420.jpg\" class=\"attachment-woocommerce_thumbnail size-woocommerce_thumbnail\" alt=\"Lomo Ib\u00e9rique de Bellota\" srcset=\"https:\/\/jamonappetit.com\/wp-content\/uploads\/2021\/09\/LOMO-IBERICO-DE-BELLOTA-scaled-420x420.jpg 420w, https:\/\/jamonappetit.com\/wp-content\/uploads\/2021\/09\/LOMO-IBERICO-DE-BELLOTA-scaled-100x100.jpg 100w, https:\/\/jamonappetit.com\/wp-content\/uploads\/2021\/09\/LOMO-IBERICO-DE-BELLOTA-scaled-720x720.jpg 720w, https:\/\/jamonappetit.com\/wp-content\/uploads\/2021\/09\/LOMO-IBERICO-DE-BELLOTA-1536x1536.jpg 1536w, https:\/\/jamonappetit.com\/wp-content\/uploads\/2021\/09\/LOMO-IBERICO-DE-BELLOTA-scaled.jpg 2048w, https:\/\/jamonappetit.com\/wp-content\/uploads\/2021\/09\/LOMO-IBERICO-DE-BELLOTA-scaled-400x400.jpg 400w, https:\/\/jamonappetit.com\/wp-content\/uploads\/2021\/09\/LOMO-IBERICO-DE-BELLOTA-scaled-650x650.jpg 650w\" sizes=\"auto, (max-width: 420px) 100vw, 420px\" \/><img loading=\"lazy\" decoding=\"async\" width=\"400\" height=\"400\" src=\"https:\/\/jamonappetit.com\/wp-content\/uploads\/2021\/09\/DETALLE-LOMO-scaled-400x400.jpg\" class=\"wp-alt-image\" alt=\"\" srcset=\"https:\/\/jamonappetit.com\/wp-content\/uploads\/2021\/09\/DETALLE-LOMO-scaled-400x400.jpg 400w, https:\/\/jamonappetit.com\/wp-content\/uploads\/2021\/09\/DETALLE-LOMO-scaled-420x420.jpg 420w, https:\/\/jamonappetit.com\/wp-content\/uploads\/2021\/09\/DETALLE-LOMO-scaled-100x100.jpg 100w, https:\/\/jamonappetit.com\/wp-content\/uploads\/2021\/09\/DETALLE-LOMO-scaled-720x720.jpg 720w, https:\/\/jamonappetit.com\/wp-content\/uploads\/2021\/09\/DETALLE-LOMO-1536x1536.jpg 1536w, https:\/\/jamonappetit.com\/wp-content\/uploads\/2021\/09\/DETALLE-LOMO-scaled.jpg 2048w, https:\/\/jamonappetit.com\/wp-content\/uploads\/2021\/09\/DETALLE-LOMO-scaled-650x650.jpg 650w\" sizes=\"auto, (max-width: 400px) 100vw, 400px\" \/><div class=\"item--overlay\"><\/div><\/a>\t\t\t<\/div>\n\t\t\t<div class=\"product_item--action\">\n\t\t\t\t<a href=\"\/fr\/wp-json\/wp\/v2\/pages\/3840?add-to-cart=4943\" aria-describedby=\"woocommerce_loop_add_to_cart_link_describedby_4943\" data-quantity=\"1\" class=\"button product_type_simple add_to_cart_button ajax_add_to_cart\" data-product_id=\"4943\" data-product_sku=\"\" aria-label=\"Ajouter au panier\u00a0: &ldquo;Lomo Ib\u00e9rique de Bellota&rdquo;\" rel=\"nofollow\" data-success_message=\"\u00ab\u00a0Lomo Ib\u00e9rique de Bellota\u00a0\u00bb a \u00e9t\u00e9 ajout\u00e9 \u00e0 votre panier\" role=\"button\"><span>Ajouter au panier<\/span><\/a>\t<span id=\"woocommerce_loop_add_to_cart_link_describedby_4943\" class=\"screen-reader-text\">\n\t\t\t<\/span>\n<div class=\"wrap-addto\"><a class=\"quickview button la-quickview-button\" href=\"https:\/\/jamonappetit.com\/fr\/produit\/lomo-iberique-de-bellota\/\" data-href=\"https:\/\/jamonappetit.com\/fr\/produit\/lomo-iberique-de-bellota\/?product_quickview=4943\" title=\"Quick Shop\">Quick Shop<\/a><a class=\"add_wishlist button added\" href=\"#\" title=\"Add to Wishlist\" rel=\"nofollow\" data-product_title=\"Lomo Ib\u00e9rique de Bellota\" data-product_id=\"4943\">Add to Wishlist<\/a><\/div>\t\t\t<\/div>\n\t\t<\/div>\n\t\t<div class=\"product_item--info\">\n\t\t\t<div class=\"product_item--info-inner\">\n\t\t\t\t<div class=\"product_item--category-link\"><a href=\"https:\/\/jamonappetit.com\/fr\/categorie-produit\/en-vedette\/\" rel=\"tag\">En vedette<\/a><span>, <\/span><a href=\"https:\/\/jamonappetit.com\/fr\/categorie-produit\/produits-jamon-appetit\/lomo-fr\/\" rel=\"tag\">Lomo<\/a><span>, <\/span><a href=\"https:\/\/jamonappetit.com\/fr\/categorie-produit\/meilleures-ventes\/\" rel=\"tag\">Meilleures ventes<\/a><span>, <\/span><a href=\"https:\/\/jamonappetit.com\/fr\/categorie-produit\/produits-jamon-appetit\/\" rel=\"tag\">Produits Jam\u00f3n App\u00e9tit<\/a><span>, <\/span><a href=\"https:\/\/jamonappetit.com\/fr\/categorie-produit\/produits-recommandes\/\" rel=\"tag\">Produits recommand\u00e9s<\/a><\/div><h3 class=\"product_item--title\"><a href=\"https:\/\/jamonappetit.com\/fr\/produit\/lomo-iberique-de-bellota\/\">Lomo Ib\u00e9rique de Bellota<\/a><\/h3>\n\t<span class=\"price\"><span class=\"woocommerce-Price-amount amount\"><bdi>49.50<span class=\"woocommerce-Price-currencySymbol\" translate=\"no\">&euro;<\/span><\/bdi><\/span><\/span>\n<div class=\"item--excerpt\"><p>Ce que l\u2019on nomme Lomo Ib\u00e9rique est la viande qui se trouve en dessous des<br \/>\nc\u00f4tes pr\u00e8s de l\u2019\u00e9chine<\/p>\n<p>&nbsp;<\/p>\n<\/div>\t\t\t<\/div>\n\t\t\t<div class=\"product_item--action\">\n\t\t\t\t<div class=\"wrap-addto\"><a href=\"\/fr\/wp-json\/wp\/v2\/pages\/3840?add-to-cart=4943\" aria-describedby=\"woocommerce_loop_add_to_cart_link_describedby_4943\" data-quantity=\"1\" class=\"button product_type_simple add_to_cart_button ajax_add_to_cart\" data-product_id=\"4943\" data-product_sku=\"\" aria-label=\"Ajouter au panier\u00a0: &ldquo;Lomo Ib\u00e9rique de Bellota&rdquo;\" rel=\"nofollow\" data-success_message=\"\u00ab\u00a0Lomo Ib\u00e9rique de Bellota\u00a0\u00bb a \u00e9t\u00e9 ajout\u00e9 \u00e0 votre panier\" role=\"button\"><span>Ajouter au panier<\/span><\/a>\t<span id=\"woocommerce_loop_add_to_cart_link_describedby_4943\" class=\"screen-reader-text\">\n\t\t\t<\/span>\n<a class=\"add_wishlist button added\" href=\"#\" title=\"Add to Wishlist\" rel=\"nofollow\" data-product_title=\"Lomo Ib\u00e9rique de Bellota\" data-product_id=\"4943\">Add to Wishlist<\/a><\/div>\t\t\t<\/div>\n\t\t<\/div>\n\t\t<\/div>\n<\/li>\n<li class=\"product_item grid-item product thumb-has-effect prod-rating-off type-product post-4944 status-publish first instock product_cat-chorizo-fr product_cat-meilleures-ventes product_cat-produits-jamon-appetit product_cat-produits-recommandes has-post-thumbnail shipping-taxable purchasable product-type-simple\" data-width=\"1\" data-height=\"1\">\n\t\t<div class=\"product_item--inner\">\n\t\t<div class=\"product_item--thumbnail\">\n\t\t\t<div class=\"product_item--thumbnail-holder\">\n\t\t\t\t<a href=\"https:\/\/jamonappetit.com\/fr\/produit\/chorizo-iberique-de-bellota\/\" class=\"woocommerce-LoopProduct-link woocommerce-loop-product__link\"><img loading=\"lazy\" decoding=\"async\" width=\"420\" height=\"420\" src=\"https:\/\/jamonappetit.com\/wp-content\/uploads\/2021\/09\/JAMONAPETITE-12-scaled-420x420.jpg\" class=\"attachment-woocommerce_thumbnail size-woocommerce_thumbnail\" alt=\"Chorizo Ib\u00e9rique de Bellota\" srcset=\"https:\/\/jamonappetit.com\/wp-content\/uploads\/2021\/09\/JAMONAPETITE-12-scaled-420x420.jpg 420w, https:\/\/jamonappetit.com\/wp-content\/uploads\/2021\/09\/JAMONAPETITE-12-scaled-100x100.jpg 100w, https:\/\/jamonappetit.com\/wp-content\/uploads\/2021\/09\/JAMONAPETITE-12-scaled-720x720.jpg 720w, https:\/\/jamonappetit.com\/wp-content\/uploads\/2021\/09\/JAMONAPETITE-12-1536x1536.jpg 1536w, https:\/\/jamonappetit.com\/wp-content\/uploads\/2021\/09\/JAMONAPETITE-12-scaled.jpg 2048w, https:\/\/jamonappetit.com\/wp-content\/uploads\/2021\/09\/JAMONAPETITE-12-scaled-400x400.jpg 400w, https:\/\/jamonappetit.com\/wp-content\/uploads\/2021\/09\/JAMONAPETITE-12-scaled-650x650.jpg 650w\" sizes=\"auto, (max-width: 420px) 100vw, 420px\" \/><img loading=\"lazy\" decoding=\"async\" width=\"400\" height=\"400\" src=\"https:\/\/jamonappetit.com\/wp-content\/uploads\/2021\/09\/JAMONAPETITE-14-scaled-400x400.jpg\" class=\"wp-alt-image\" alt=\"\" srcset=\"https:\/\/jamonappetit.com\/wp-content\/uploads\/2021\/09\/JAMONAPETITE-14-scaled-400x400.jpg 400w, https:\/\/jamonappetit.com\/wp-content\/uploads\/2021\/09\/JAMONAPETITE-14-scaled-420x420.jpg 420w, https:\/\/jamonappetit.com\/wp-content\/uploads\/2021\/09\/JAMONAPETITE-14-scaled-100x100.jpg 100w, https:\/\/jamonappetit.com\/wp-content\/uploads\/2021\/09\/JAMONAPETITE-14-scaled-720x720.jpg 720w, https:\/\/jamonappetit.com\/wp-content\/uploads\/2021\/09\/JAMONAPETITE-14-scaled-650x650.jpg 650w\" sizes=\"auto, (max-width: 400px) 100vw, 400px\" \/><div class=\"item--overlay\"><\/div><\/a>\t\t\t<\/div>\n\t\t\t<div class=\"product_item--action\">\n\t\t\t\t<a href=\"\/fr\/wp-json\/wp\/v2\/pages\/3840?add-to-cart=4944\" aria-describedby=\"woocommerce_loop_add_to_cart_link_describedby_4944\" data-quantity=\"1\" class=\"button product_type_simple add_to_cart_button ajax_add_to_cart\" data-product_id=\"4944\" data-product_sku=\"\" aria-label=\"Ajouter au panier\u00a0: &ldquo;Chorizo Ib\u00e9rique de Bellota&rdquo;\" rel=\"nofollow\" data-success_message=\"\u00ab\u00a0Chorizo Ib\u00e9rique de Bellota\u00a0\u00bb a \u00e9t\u00e9 ajout\u00e9 \u00e0 votre panier\" role=\"button\"><span>Ajouter au panier<\/span><\/a>\t<span id=\"woocommerce_loop_add_to_cart_link_describedby_4944\" class=\"screen-reader-text\">\n\t\t\t<\/span>\n<div class=\"wrap-addto\"><a class=\"quickview button la-quickview-button\" href=\"https:\/\/jamonappetit.com\/fr\/produit\/chorizo-iberique-de-bellota\/\" data-href=\"https:\/\/jamonappetit.com\/fr\/produit\/chorizo-iberique-de-bellota\/?product_quickview=4944\" title=\"Quick Shop\">Quick Shop<\/a><a class=\"add_wishlist button added\" href=\"#\" title=\"Add to Wishlist\" rel=\"nofollow\" data-product_title=\"Chorizo Ib\u00e9rique de Bellota\" data-product_id=\"4944\">Add to Wishlist<\/a><\/div>\t\t\t<\/div>\n\t\t<\/div>\n\t\t<div class=\"product_item--info\">\n\t\t\t<div class=\"product_item--info-inner\">\n\t\t\t\t<div class=\"product_item--category-link\"><a href=\"https:\/\/jamonappetit.com\/fr\/categorie-produit\/produits-jamon-appetit\/chorizo-fr\/\" rel=\"tag\">Chorizo<\/a><span>, <\/span><a href=\"https:\/\/jamonappetit.com\/fr\/categorie-produit\/meilleures-ventes\/\" rel=\"tag\">Meilleures ventes<\/a><span>, <\/span><a href=\"https:\/\/jamonappetit.com\/fr\/categorie-produit\/produits-jamon-appetit\/\" rel=\"tag\">Produits Jam\u00f3n App\u00e9tit<\/a><span>, <\/span><a href=\"https:\/\/jamonappetit.com\/fr\/categorie-produit\/produits-recommandes\/\" rel=\"tag\">Produits recommand\u00e9s<\/a><\/div><h3 class=\"product_item--title\"><a href=\"https:\/\/jamonappetit.com\/fr\/produit\/chorizo-iberique-de-bellota\/\">Chorizo Ib\u00e9rique de Bellota<\/a><\/h3>\n\t<span class=\"price\"><span class=\"woocommerce-Price-amount amount\"><bdi>25.00<span class=\"woocommerce-Price-currencySymbol\" translate=\"no\">&euro;<\/span><\/bdi><\/span><\/span>\n<div class=\"item--excerpt\"><p>Ce que l\u2019on nomme Chorizo Ib\u00e9rique est le m\u00e9lange de viande hach\u00e9e<br \/>\nissue exclusivement de porc Ib\u00e9rique, sel, paprika, ail et sucre qui apr\u00e8s un<br \/>\nprocessusde maturation-s\u00e9chage se caract\u00e9rise par sa couleur rougeorang\u00e9,<br \/>\nson odeur \u00e0 \u00e9pices et sa saveur intense en bouche.<\/p>\n<\/div>\t\t\t<\/div>\n\t\t\t<div class=\"product_item--action\">\n\t\t\t\t<div class=\"wrap-addto\"><a href=\"\/fr\/wp-json\/wp\/v2\/pages\/3840?add-to-cart=4944\" aria-describedby=\"woocommerce_loop_add_to_cart_link_describedby_4944\" data-quantity=\"1\" class=\"button product_type_simple add_to_cart_button ajax_add_to_cart\" data-product_id=\"4944\" data-product_sku=\"\" aria-label=\"Ajouter au panier\u00a0: &ldquo;Chorizo Ib\u00e9rique de Bellota&rdquo;\" rel=\"nofollow\" data-success_message=\"\u00ab\u00a0Chorizo Ib\u00e9rique de Bellota\u00a0\u00bb a \u00e9t\u00e9 ajout\u00e9 \u00e0 votre panier\" role=\"button\"><span>Ajouter au panier<\/span><\/a>\t<span id=\"woocommerce_loop_add_to_cart_link_describedby_4944\" class=\"screen-reader-text\">\n\t\t\t<\/span>\n<a class=\"add_wishlist button added\" href=\"#\" title=\"Add to Wishlist\" rel=\"nofollow\" data-product_title=\"Chorizo Ib\u00e9rique de Bellota\" data-product_id=\"4944\">Add to Wishlist<\/a><\/div>\t\t\t<\/div>\n\t\t<\/div>\n\t\t<\/div>\n<\/li>\n<li class=\"product_item grid-item product thumb-has-effect prod-rating-off type-product post-4942 status-publish instock product_cat-en-vedette product_cat-meilleures-ventes product_cat-produits-destremadure product_cat-produits-jamon-appetit product_cat-produits-recommandes has-post-thumbnail shipping-taxable purchasable product-type-simple\" data-width=\"1\" data-height=\"1\">\n\t\t<div class=\"product_item--inner\">\n\t\t<div class=\"product_item--thumbnail\">\n\t\t\t<div class=\"product_item--thumbnail-holder\">\n\t\t\t\t<a href=\"https:\/\/jamonappetit.com\/fr\/produit\/lomito-iberique-de-bellota-80gr-presentation-gourmet\/\" class=\"woocommerce-LoopProduct-link woocommerce-loop-product__link\"><img loading=\"lazy\" decoding=\"async\" width=\"420\" height=\"420\" src=\"https:\/\/jamonappetit.com\/wp-content\/uploads\/2021\/09\/Presentacion-Gourmet-Lomito-Iberico-de-Bellota-420x420.jpg\" class=\"attachment-woocommerce_thumbnail size-woocommerce_thumbnail\" alt=\"Lomito Ib\u00e9rique de Bellota 80gr Pres\u00e9ntation Gourmet\" srcset=\"https:\/\/jamonappetit.com\/wp-content\/uploads\/2021\/09\/Presentacion-Gourmet-Lomito-Iberico-de-Bellota-420x420.jpg 420w, https:\/\/jamonappetit.com\/wp-content\/uploads\/2021\/09\/Presentacion-Gourmet-Lomito-Iberico-de-Bellota-100x100.jpg 100w, https:\/\/jamonappetit.com\/wp-content\/uploads\/2021\/09\/Presentacion-Gourmet-Lomito-Iberico-de-Bellota-720x720.jpg 720w, https:\/\/jamonappetit.com\/wp-content\/uploads\/2021\/09\/Presentacion-Gourmet-Lomito-Iberico-de-Bellota-400x400.jpg 400w, https:\/\/jamonappetit.com\/wp-content\/uploads\/2021\/09\/Presentacion-Gourmet-Lomito-Iberico-de-Bellota-650x650.jpg 650w, https:\/\/jamonappetit.com\/wp-content\/uploads\/2021\/09\/Presentacion-Gourmet-Lomito-Iberico-de-Bellota.jpg 1280w\" sizes=\"auto, (max-width: 420px) 100vw, 420px\" \/><img loading=\"lazy\" decoding=\"async\" width=\"400\" height=\"400\" src=\"https:\/\/jamonappetit.com\/wp-content\/uploads\/2021\/09\/JAMONAPETITE-15-scaled-400x400.jpg\" class=\"wp-alt-image\" alt=\"\" srcset=\"https:\/\/jamonappetit.com\/wp-content\/uploads\/2021\/09\/JAMONAPETITE-15-scaled-400x400.jpg 400w, https:\/\/jamonappetit.com\/wp-content\/uploads\/2021\/09\/JAMONAPETITE-15-scaled-420x420.jpg 420w, https:\/\/jamonappetit.com\/wp-content\/uploads\/2021\/09\/JAMONAPETITE-15-scaled-100x100.jpg 100w, https:\/\/jamonappetit.com\/wp-content\/uploads\/2021\/09\/JAMONAPETITE-15-scaled-720x720.jpg 720w, https:\/\/jamonappetit.com\/wp-content\/uploads\/2021\/09\/JAMONAPETITE-15-scaled-650x650.jpg 650w\" sizes=\"auto, (max-width: 400px) 100vw, 400px\" \/><div class=\"item--overlay\"><\/div><\/a>\t\t\t<\/div>\n\t\t\t<div class=\"product_item--action\">\n\t\t\t\t<a href=\"\/fr\/wp-json\/wp\/v2\/pages\/3840?add-to-cart=4942\" aria-describedby=\"woocommerce_loop_add_to_cart_link_describedby_4942\" data-quantity=\"1\" class=\"button product_type_simple add_to_cart_button ajax_add_to_cart\" data-product_id=\"4942\" data-product_sku=\"\" aria-label=\"Ajouter au panier\u00a0: &ldquo;Lomito Ib\u00e9rique de Bellota 80gr Pres\u00e9ntation Gourmet&rdquo;\" rel=\"nofollow\" data-success_message=\"\u00ab\u00a0Lomito Ib\u00e9rique de Bellota 80gr Pres\u00e9ntation Gourmet\u00a0\u00bb a \u00e9t\u00e9 ajout\u00e9 \u00e0 votre panier\" role=\"button\"><span>Ajouter au panier<\/span><\/a>\t<span id=\"woocommerce_loop_add_to_cart_link_describedby_4942\" class=\"screen-reader-text\">\n\t\t\t<\/span>\n<div class=\"wrap-addto\"><a class=\"quickview button la-quickview-button\" href=\"https:\/\/jamonappetit.com\/fr\/produit\/lomito-iberique-de-bellota-80gr-presentation-gourmet\/\" data-href=\"https:\/\/jamonappetit.com\/fr\/produit\/lomito-iberique-de-bellota-80gr-presentation-gourmet\/?product_quickview=4942\" title=\"Quick Shop\">Quick Shop<\/a><a class=\"add_wishlist button added\" href=\"#\" title=\"Add to Wishlist\" rel=\"nofollow\" data-product_title=\"Lomito Ib\u00e9rique de Bellota 80gr Pres\u00e9ntation Gourmet\" data-product_id=\"4942\">Add to Wishlist<\/a><\/div>\t\t\t<\/div>\n\t\t<\/div>\n\t\t<div class=\"product_item--info\">\n\t\t\t<div class=\"product_item--info-inner\">\n\t\t\t\t<div class=\"product_item--category-link\"><a href=\"https:\/\/jamonappetit.com\/fr\/categorie-produit\/en-vedette\/\" rel=\"tag\">En vedette<\/a><span>, <\/span><a href=\"https:\/\/jamonappetit.com\/fr\/categorie-produit\/meilleures-ventes\/\" rel=\"tag\">Meilleures ventes<\/a><span>, <\/span><a href=\"https:\/\/jamonappetit.com\/fr\/categorie-produit\/produits-destremadure\/\" rel=\"tag\">Produits d`Estremadure<\/a><span>, <\/span><a href=\"https:\/\/jamonappetit.com\/fr\/categorie-produit\/produits-jamon-appetit\/\" rel=\"tag\">Produits Jam\u00f3n App\u00e9tit<\/a><span>, <\/span><a href=\"https:\/\/jamonappetit.com\/fr\/categorie-produit\/produits-recommandes\/\" rel=\"tag\">Produits recommand\u00e9s<\/a><\/div><h3 class=\"product_item--title\"><a href=\"https:\/\/jamonappetit.com\/fr\/produit\/lomito-iberique-de-bellota-80gr-presentation-gourmet\/\">Lomito Ib\u00e9rique de Bellota 80gr Pres\u00e9ntation Gourmet<\/a><\/h3>\n\t<span class=\"price\"><span class=\"woocommerce-Price-amount amount\"><bdi>14.00<span class=\"woocommerce-Price-currencySymbol\" translate=\"no\">&euro;<\/span><\/bdi><\/span><\/span>\n<div class=\"item--excerpt\"><p>Ce que l\u2019on nomme Lomito ib\u00e9rique de Bellota est une des parties<br \/>\nexceptionnelles du porc ib\u00e9rique. Elle correspond \u00e0 la viande qui se trouve<br \/>\nentre les omoplates du porc. C\u2019est une viande juteuse et un des meilleurs<br \/>\nmorceaux du porc ib\u00e9rique. Un des produits qui nous diff\u00e9rencie. Il ne<br \/>\nrepr\u00e9sente que deux fois 400 grammes environ sur un cochon de 170 kilos.<\/p>\n<\/div>\t\t\t<\/div>\n\t\t\t<div class=\"product_item--action\">\n\t\t\t\t<div class=\"wrap-addto\"><a href=\"\/fr\/wp-json\/wp\/v2\/pages\/3840?add-to-cart=4942\" aria-describedby=\"woocommerce_loop_add_to_cart_link_describedby_4942\" data-quantity=\"1\" class=\"button product_type_simple add_to_cart_button ajax_add_to_cart\" data-product_id=\"4942\" data-product_sku=\"\" aria-label=\"Ajouter au panier\u00a0: &ldquo;Lomito Ib\u00e9rique de Bellota 80gr Pres\u00e9ntation Gourmet&rdquo;\" rel=\"nofollow\" data-success_message=\"\u00ab\u00a0Lomito Ib\u00e9rique de Bellota 80gr Pres\u00e9ntation Gourmet\u00a0\u00bb a \u00e9t\u00e9 ajout\u00e9 \u00e0 votre panier\" role=\"button\"><span>Ajouter au panier<\/span><\/a>\t<span id=\"woocommerce_loop_add_to_cart_link_describedby_4942\" class=\"screen-reader-text\">\n\t\t\t<\/span>\n<a class=\"add_wishlist button added\" href=\"#\" title=\"Add to Wishlist\" rel=\"nofollow\" data-product_title=\"Lomito Ib\u00e9rique de Bellota 80gr Pres\u00e9ntation Gourmet\" data-product_id=\"4942\">Add to Wishlist<\/a><\/div>\t\t\t<\/div>\n\t\t<\/div>\n\t\t<\/div>\n<\/li>\n<li class=\"product_item grid-item product thumb-has-effect prod-rating-off type-product post-4948 status-publish instock product_cat-fromage product_cat-meilleures-ventes product_cat-produits-destremadure product_cat-produits-recommandes has-post-thumbnail shipping-taxable purchasable product-type-simple\" data-width=\"1\" data-height=\"1\">\n\t\t<div class=\"product_item--inner\">\n\t\t<div class=\"product_item--thumbnail\">\n\t\t\t<div class=\"product_item--thumbnail-holder\">\n\t\t\t\t<a href=\"https:\/\/jamonappetit.com\/fr\/produit\/fromage-torta-de-barros\/\" class=\"woocommerce-LoopProduct-link woocommerce-loop-product__link\"><img loading=\"lazy\" decoding=\"async\" width=\"420\" height=\"420\" src=\"https:\/\/jamonappetit.com\/wp-content\/uploads\/2021\/09\/TORTA-DETALLE-scaled-420x420.jpg\" class=\"attachment-woocommerce_thumbnail size-woocommerce_thumbnail\" alt=\"Fromage \u201cTorta de Barros\u201d\" srcset=\"https:\/\/jamonappetit.com\/wp-content\/uploads\/2021\/09\/TORTA-DETALLE-scaled-420x420.jpg 420w, https:\/\/jamonappetit.com\/wp-content\/uploads\/2021\/09\/TORTA-DETALLE-scaled-100x100.jpg 100w, https:\/\/jamonappetit.com\/wp-content\/uploads\/2021\/09\/TORTA-DETALLE-scaled-720x720.jpg 720w, https:\/\/jamonappetit.com\/wp-content\/uploads\/2021\/09\/TORTA-DETALLE-scaled-400x400.jpg 400w, https:\/\/jamonappetit.com\/wp-content\/uploads\/2021\/09\/TORTA-DETALLE-scaled-650x650.jpg 650w\" sizes=\"auto, (max-width: 420px) 100vw, 420px\" \/><img loading=\"lazy\" decoding=\"async\" width=\"400\" height=\"400\" src=\"https:\/\/jamonappetit.com\/wp-content\/uploads\/2021\/09\/TORTA-DE-BARROS-scaled-400x400.jpg\" class=\"wp-alt-image\" alt=\"\" srcset=\"https:\/\/jamonappetit.com\/wp-content\/uploads\/2021\/09\/TORTA-DE-BARROS-scaled-400x400.jpg 400w, https:\/\/jamonappetit.com\/wp-content\/uploads\/2021\/09\/TORTA-DE-BARROS-scaled-420x420.jpg 420w, https:\/\/jamonappetit.com\/wp-content\/uploads\/2021\/09\/TORTA-DE-BARROS-scaled-100x100.jpg 100w, https:\/\/jamonappetit.com\/wp-content\/uploads\/2021\/09\/TORTA-DE-BARROS-scaled-720x720.jpg 720w, https:\/\/jamonappetit.com\/wp-content\/uploads\/2021\/09\/TORTA-DE-BARROS-1536x1536.jpg 1536w, https:\/\/jamonappetit.com\/wp-content\/uploads\/2021\/09\/TORTA-DE-BARROS-scaled.jpg 2048w, https:\/\/jamonappetit.com\/wp-content\/uploads\/2021\/09\/TORTA-DE-BARROS-scaled-650x650.jpg 650w\" sizes=\"auto, (max-width: 400px) 100vw, 400px\" \/><div class=\"item--overlay\"><\/div><\/a>\t\t\t<\/div>\n\t\t\t<div class=\"product_item--action\">\n\t\t\t\t<a href=\"\/fr\/wp-json\/wp\/v2\/pages\/3840?add-to-cart=4948\" aria-describedby=\"woocommerce_loop_add_to_cart_link_describedby_4948\" data-quantity=\"1\" class=\"button product_type_simple add_to_cart_button ajax_add_to_cart\" data-product_id=\"4948\" data-product_sku=\"\" aria-label=\"Ajouter au panier\u00a0: &ldquo;Fromage \u201cTorta de Barros\u201d&rdquo;\" rel=\"nofollow\" data-success_message=\"\u00ab\u00a0Fromage \u201cTorta de Barros\u201d\u00a0\u00bb a \u00e9t\u00e9 ajout\u00e9 \u00e0 votre panier\" role=\"button\"><span>Ajouter au panier<\/span><\/a>\t<span id=\"woocommerce_loop_add_to_cart_link_describedby_4948\" class=\"screen-reader-text\">\n\t\t\t<\/span>\n<div class=\"wrap-addto\"><a class=\"quickview button la-quickview-button\" href=\"https:\/\/jamonappetit.com\/fr\/produit\/fromage-torta-de-barros\/\" data-href=\"https:\/\/jamonappetit.com\/fr\/produit\/fromage-torta-de-barros\/?product_quickview=4948\" title=\"Quick Shop\">Quick Shop<\/a><a class=\"add_wishlist button added\" href=\"#\" title=\"Add to Wishlist\" rel=\"nofollow\" data-product_title=\"Fromage \u201cTorta de Barros\u201d\" data-product_id=\"4948\">Add to Wishlist<\/a><\/div>\t\t\t<\/div>\n\t\t<\/div>\n\t\t<div class=\"product_item--info\">\n\t\t\t<div class=\"product_item--info-inner\">\n\t\t\t\t<div class=\"product_item--category-link\"><a href=\"https:\/\/jamonappetit.com\/fr\/categorie-produit\/produits-destremadure\/fromage\/\" rel=\"tag\">Fromage<\/a><span>, <\/span><a href=\"https:\/\/jamonappetit.com\/fr\/categorie-produit\/meilleures-ventes\/\" rel=\"tag\">Meilleures ventes<\/a><span>, <\/span><a href=\"https:\/\/jamonappetit.com\/fr\/categorie-produit\/produits-destremadure\/\" rel=\"tag\">Produits d`Estremadure<\/a><span>, <\/span><a href=\"https:\/\/jamonappetit.com\/fr\/categorie-produit\/produits-recommandes\/\" rel=\"tag\">Produits recommand\u00e9s<\/a><\/div><h3 class=\"product_item--title\"><a href=\"https:\/\/jamonappetit.com\/fr\/produit\/fromage-torta-de-barros\/\">Fromage \u201cTorta de Barros\u201d<\/a><\/h3>\n\t<span class=\"price\"><span class=\"woocommerce-Price-amount amount\"><bdi>28.50<span class=\"woocommerce-Price-currencySymbol\" translate=\"no\">&euro;<\/span><\/bdi><\/span><\/span>\n<div class=\"item--excerpt\"><p>Fromage \u00e0 tartiner \u00e9laborer avec 100% de lait cru de brebis de race m\u00e9rinos. Le<br \/>\ncaillage est fait avec une pr\u00e9sure v\u00e9g\u00e9tale naturelle obtenue \u00e0 partir des pistils de la<br \/>\nfleur sauvage Cynara Cardunculus. Sal\u00e9 \u00e0 sec et frott\u00e9 avec une saumure sur la partie<br \/>\nsup\u00e9rieure et inf\u00e9rieure.<\/p>\n<p>Piece O,700Kg<\/p>\n<\/div>\t\t\t<\/div>\n\t\t\t<div class=\"product_item--action\">\n\t\t\t\t<div class=\"wrap-addto\"><a href=\"\/fr\/wp-json\/wp\/v2\/pages\/3840?add-to-cart=4948\" aria-describedby=\"woocommerce_loop_add_to_cart_link_describedby_4948\" data-quantity=\"1\" class=\"button product_type_simple add_to_cart_button ajax_add_to_cart\" data-product_id=\"4948\" data-product_sku=\"\" aria-label=\"Ajouter au panier\u00a0: &ldquo;Fromage \u201cTorta de Barros\u201d&rdquo;\" rel=\"nofollow\" data-success_message=\"\u00ab\u00a0Fromage \u201cTorta de Barros\u201d\u00a0\u00bb a \u00e9t\u00e9 ajout\u00e9 \u00e0 votre panier\" role=\"button\"><span>Ajouter au panier<\/span><\/a>\t<span id=\"woocommerce_loop_add_to_cart_link_describedby_4948\" class=\"screen-reader-text\">\n\t\t\t<\/span>\n<a class=\"add_wishlist button added\" href=\"#\" title=\"Add to Wishlist\" rel=\"nofollow\" data-product_title=\"Fromage \u201cTorta de Barros\u201d\" data-product_id=\"4948\">Add to Wishlist<\/a><\/div>\t\t\t<\/div>\n\t\t<\/div>\n\t\t<\/div>\n<\/li>\n<li class=\"product_item grid-item product thumb-has-effect prod-rating-off type-product post-4950 status-publish last instock product_cat-fromage product_cat-meilleures-ventes product_cat-produits-destremadure product_cat-produits-recommandes has-post-thumbnail shipping-taxable purchasable product-type-simple\" data-width=\"1\" data-height=\"1\">\n\t\t<div class=\"product_item--inner\">\n\t\t<div class=\"product_item--thumbnail\">\n\t\t\t<div class=\"product_item--thumbnail-holder\">\n\t\t\t\t<a href=\"https:\/\/jamonappetit.com\/fr\/produit\/fromage-sec-de-brebis-de-race-merino-curado\/\" class=\"woocommerce-LoopProduct-link woocommerce-loop-product__link\"><img loading=\"lazy\" decoding=\"async\" width=\"420\" height=\"420\" src=\"https:\/\/jamonappetit.com\/wp-content\/uploads\/2021\/09\/JAMONAPETITE-28-scaled-420x420.jpg\" class=\"attachment-woocommerce_thumbnail size-woocommerce_thumbnail\" alt=\"Fromage sec de brebis de race m\u00e9rino \u201cCurado\u201d\" srcset=\"https:\/\/jamonappetit.com\/wp-content\/uploads\/2021\/09\/JAMONAPETITE-28-scaled-420x420.jpg 420w, https:\/\/jamonappetit.com\/wp-content\/uploads\/2021\/09\/JAMONAPETITE-28-scaled-100x100.jpg 100w, https:\/\/jamonappetit.com\/wp-content\/uploads\/2021\/09\/JAMONAPETITE-28-scaled-720x720.jpg 720w, https:\/\/jamonappetit.com\/wp-content\/uploads\/2021\/09\/JAMONAPETITE-28-scaled-400x400.jpg 400w, https:\/\/jamonappetit.com\/wp-content\/uploads\/2021\/09\/JAMONAPETITE-28-scaled-650x650.jpg 650w\" sizes=\"auto, (max-width: 420px) 100vw, 420px\" \/><img loading=\"lazy\" decoding=\"async\" width=\"400\" height=\"400\" src=\"https:\/\/jamonappetit.com\/wp-content\/uploads\/2021\/09\/CUNA-QUESO-VIEJO-scaled-400x400.jpg\" class=\"wp-alt-image\" alt=\"\" srcset=\"https:\/\/jamonappetit.com\/wp-content\/uploads\/2021\/09\/CUNA-QUESO-VIEJO-scaled-400x400.jpg 400w, https:\/\/jamonappetit.com\/wp-content\/uploads\/2021\/09\/CUNA-QUESO-VIEJO-scaled-420x420.jpg 420w, https:\/\/jamonappetit.com\/wp-content\/uploads\/2021\/09\/CUNA-QUESO-VIEJO-scaled-100x100.jpg 100w, https:\/\/jamonappetit.com\/wp-content\/uploads\/2021\/09\/CUNA-QUESO-VIEJO-scaled-720x720.jpg 720w, https:\/\/jamonappetit.com\/wp-content\/uploads\/2021\/09\/CUNA-QUESO-VIEJO-1536x1536.jpg 1536w, https:\/\/jamonappetit.com\/wp-content\/uploads\/2021\/09\/CUNA-QUESO-VIEJO-scaled.jpg 2048w, https:\/\/jamonappetit.com\/wp-content\/uploads\/2021\/09\/CUNA-QUESO-VIEJO-scaled-650x650.jpg 650w\" sizes=\"auto, (max-width: 400px) 100vw, 400px\" \/><div class=\"item--overlay\"><\/div><\/a>\t\t\t<\/div>\n\t\t\t<div class=\"product_item--action\">\n\t\t\t\t<a href=\"\/fr\/wp-json\/wp\/v2\/pages\/3840?add-to-cart=4950\" aria-describedby=\"woocommerce_loop_add_to_cart_link_describedby_4950\" data-quantity=\"1\" class=\"button product_type_simple add_to_cart_button ajax_add_to_cart\" data-product_id=\"4950\" data-product_sku=\"\" aria-label=\"Ajouter au panier\u00a0: &ldquo;Fromage sec de brebis de race m\u00e9rino \u201cCurado\u201d&rdquo;\" rel=\"nofollow\" data-success_message=\"\u00ab\u00a0Fromage sec de brebis de race m\u00e9rino \u201cCurado\u201d\u00a0\u00bb a \u00e9t\u00e9 ajout\u00e9 \u00e0 votre panier\" role=\"button\"><span>Ajouter au panier<\/span><\/a>\t<span id=\"woocommerce_loop_add_to_cart_link_describedby_4950\" class=\"screen-reader-text\">\n\t\t\t<\/span>\n<div class=\"wrap-addto\"><a class=\"quickview button la-quickview-button\" href=\"https:\/\/jamonappetit.com\/fr\/produit\/fromage-sec-de-brebis-de-race-merino-curado\/\" data-href=\"https:\/\/jamonappetit.com\/fr\/produit\/fromage-sec-de-brebis-de-race-merino-curado\/?product_quickview=4950\" title=\"Quick Shop\">Quick Shop<\/a><a class=\"add_wishlist button added\" href=\"#\" title=\"Add to Wishlist\" rel=\"nofollow\" data-product_title=\"Fromage sec de brebis de race m\u00e9rino \u201cCurado\u201d\" data-product_id=\"4950\">Add to Wishlist<\/a><\/div>\t\t\t<\/div>\n\t\t<\/div>\n\t\t<div class=\"product_item--info\">\n\t\t\t<div class=\"product_item--info-inner\">\n\t\t\t\t<div class=\"product_item--category-link\"><a href=\"https:\/\/jamonappetit.com\/fr\/categorie-produit\/produits-destremadure\/fromage\/\" rel=\"tag\">Fromage<\/a><span>, <\/span><a href=\"https:\/\/jamonappetit.com\/fr\/categorie-produit\/meilleures-ventes\/\" rel=\"tag\">Meilleures ventes<\/a><span>, <\/span><a href=\"https:\/\/jamonappetit.com\/fr\/categorie-produit\/produits-destremadure\/\" rel=\"tag\">Produits d`Estremadure<\/a><span>, <\/span><a href=\"https:\/\/jamonappetit.com\/fr\/categorie-produit\/produits-recommandes\/\" rel=\"tag\">Produits recommand\u00e9s<\/a><\/div><h3 class=\"product_item--title\"><a href=\"https:\/\/jamonappetit.com\/fr\/produit\/fromage-sec-de-brebis-de-race-merino-curado\/\">Fromage sec de brebis de race m\u00e9rino \u201cCurado\u201d<\/a><\/h3>\n\t<span class=\"price\"><span class=\"woocommerce-Price-amount amount\"><bdi>17.00<span class=\"woocommerce-Price-currencySymbol\" translate=\"no\">&euro;<\/span><\/bdi><\/span><\/span>\n<div class=\"item--excerpt\"><p>Fromage artisanal pur brebis (race M\u00e9rinos) \u00e0 base de lait cru et laiss\u00e9 en cave d\u2019affinage<br \/>\ndurant 7 \u00e0 9 mois. Cro\u00fbte naturel enduite d\u2019huile d\u2019olive vierge extra. P\u00e2te press\u00e9e et<br \/>\nferme, perc\u00e9e de trous in\u00e9gaux<\/p>\n<p>Poids: 0.400g<\/p>\n<\/div>\t\t\t<\/div>\n\t\t\t<div class=\"product_item--action\">\n\t\t\t\t<div class=\"wrap-addto\"><a href=\"\/fr\/wp-json\/wp\/v2\/pages\/3840?add-to-cart=4950\" aria-describedby=\"woocommerce_loop_add_to_cart_link_describedby_4950\" data-quantity=\"1\" class=\"button product_type_simple add_to_cart_button ajax_add_to_cart\" data-product_id=\"4950\" data-product_sku=\"\" aria-label=\"Ajouter au panier\u00a0: &ldquo;Fromage sec de brebis de race m\u00e9rino \u201cCurado\u201d&rdquo;\" rel=\"nofollow\" data-success_message=\"\u00ab\u00a0Fromage sec de brebis de race m\u00e9rino \u201cCurado\u201d\u00a0\u00bb a \u00e9t\u00e9 ajout\u00e9 \u00e0 votre panier\" role=\"button\"><span>Ajouter au panier<\/span><\/a>\t<span id=\"woocommerce_loop_add_to_cart_link_describedby_4950\" class=\"screen-reader-text\">\n\t\t\t<\/span>\n<a class=\"add_wishlist button added\" href=\"#\" title=\"Add to Wishlist\" rel=\"nofollow\" data-product_title=\"Fromage sec de brebis de race m\u00e9rino \u201cCurado\u201d\" data-product_id=\"4950\">Add to Wishlist<\/a><\/div>\t\t\t<\/div>\n\t\t<\/div>\n\t\t<\/div>\n<\/li>\n        <\/ul>\n    <\/div><!-- .col-xs-12 -->\n<\/div><!-- .row --><\/div>[vc_custom_heading text=\u00a0\u00bb<u>Tous les produitss<\/u>\u00a0\u00bb font_container=\u00a0\u00bbtag:div|font_size:10px|text_align:center|color:%23232324&Prime; use_theme_fonts=\u00a0\u00bbyes\u00a0\u00bb link=\u00a0\u00bburl:http%3A%2F%2Fjamonappetit.com%2Ffr%2Fboutique%2F|||\u00a0\u00bb el_class=\u00a0\u00bbletter-spacing-2&Prime;][la_divider height=\u00a0\u00bblg:70px;\u00a0\u00bb][\/vc_column][\/vc_row][vc_row full_width=\u00a0\u00bbstretch_row_content_no_spaces\u00a0\u00bb equal_height=\u00a0\u00bbyes\u00a0\u00bb disable_element=\u00a0\u00bbyes\u00a0\u00bb][vc_column width=\u00a0\u00bb1\/2&Prime; css=\u00a0\u00bb.vc_custom_1521024174367{background-image: url(http:\/\/jamonappetit.com\/wp-content\/uploads\/2018\/03\/emilio.jpg?id=3426) !important;background-position: center !important;background-repeat: no-repeat !important;background-size: cover !important;}\u00a0\u00bb][vc_column_text el_class=\u00a0\u00bbcustom-quote-text sombreado\u00a0\u00bb]<\/p>\n<blockquote style=\"font-size: 35px !important;\"><p>\u201cProductos provenientes de cerdos ib\u00e9ricos criados en libertad la dehesa.\u201d<\/p><\/blockquote>\n<address>Emilio<\/address>\n<p>[\/vc_column_text][\/vc_column][vc_column width=\u00a0\u00bb1\/2&Prime; css=\u00a0\u00bb.vc_custom_1521024157709{background-image: url(http:\/\/jamonappetit.com\/wp-content\/uploads\/2018\/03\/fondoeco.jpg?id=3427) !important;background-position: center !important;background-repeat: no-repeat !important;background-size: cover !important;}\u00a0\u00bb el_class=\u00a0\u00bbcolumn-wrapper&#8211;maxwidth&#8211;650&Prime;][la_divider height=\u00a0\u00bblg:80px;\u00a0\u00bb][la_heading title=\u00a0\u00bbEcodise\u00f1o\u00a0\u00bb title_class=\u00a0\u00bbthree-font-family font-weight-400&Prime; title_fz=\u00a0\u00bblg:48px;md:36px;sm:30px;xs:24px;\u00a0\u00bb title_lh=\u00a0\u00bblg:50px;md:36px;sm:30px;xs:24px;\u00a0\u00bb][\/la_heading][vc_single_image image=\u00a0\u00bb711&Prime; img_size=\u00a0\u00bbfull\u00a0\u00bb alignment=\u00a0\u00bbcenter\u00a0\u00bb el_class=\u00a0\u00bbmargin-bottom-10&Prime;][vc_column_text el_class=\u00a0\u00bbtext-center font-size-14&Prime;]Las generaciones venideras tienen derecho a un medio ambiente seguro y saludable. Por ello, hemos aportado nuestro granito de arena creando una l\u00ednea de packaging totalmente ecol\u00f3gica. Sin dejar a un lado la funcionalidad y la elegancia que el producto merece, hemos respetado la normativa medioambiental y abogado por la sostenibilidad del medio natural.[\/vc_column_text][la_divider height=\u00a0\u00bblg:35px;\u00a0\u00bb][\/vc_column][\/vc_row][vc_row full_width=\u00a0\u00bbstretch_row_content\u00a0\u00bb][vc_column][la_divider height=\u00a0\u00bblg:50px;\u00a0\u00bb][la_heading title=\u00a0\u00bbR\u00e9seaux Sociaux\u00a0\u00bb title_class=\u00a0\u00bbmargin-bottom-5 three-font-family font-weight-400&Prime; title_fz=\u00a0\u00bblg:48px;md:36px;sm:30px;xs:24px;\u00a0\u00bb subtitle_fz=\u00a0\u00bblg:14px;md:12px;\u00a0\u00bb][\/la_heading][la_divider height=\u00a0\u00bblg:20px;\u00a0\u00bb][la_carousel draggable=\u00a0\u00bbyes\u00a0\u00bb touch_move=\u00a0\u00bbyes\u00a0\u00bb slides_column=\u00a0\u00bbxlg:4;lg:4;md:4;sm:4;xs:3;mb:2;\u00a0\u00bb el_class=\u00a0\u00bbslider-image-overlay\u00a0\u00bb][la_icon_boxes icon_fontawesome=\u00a0\u00bbfa fa-facebook-square\u00a0\u00bb read_more=\u00a0\u00bbicon\u00a0\u00bb icon_pos=\u00a0\u00bbtop\u00a0\u00bb icon_size=\u00a0\u00bb50&Prime; el_class=\u00a0\u00bbcentrado\u00a0\u00bb link=\u00a0\u00bburl:https%3A%2F%2Fwww.facebook.com%2Fjamonappetit%2F||target:%20_blank|\u00a0\u00bb]<\/p>\n<p style=\"text-align: center;\">siguenos en <strong>FACEBOOK<\/strong><\/p>\n<p>[\/la_icon_boxes][la_icon_boxes icon_fontawesome=\u00a0\u00bbfa fa-linkedin-square\u00a0\u00bb read_more=\u00a0\u00bbicon\u00a0\u00bb icon_pos=\u00a0\u00bbtop\u00a0\u00bb icon_size=\u00a0\u00bb50&Prime; el_class=\u00a0\u00bbcentrado\u00a0\u00bb link=\u00a0\u00bburl:https%3A%2F%2Fes.linkedin.com%2Fcompany%2Fjamonappetit%3Ftrk%3Dppro_cprof|||\u00a0\u00bb]<\/p>\n<p style=\"text-align: center;\">siguenos en <strong>LINKEDIN<\/strong><\/p>\n<p>[\/la_icon_boxes][la_icon_boxes icon_fontawesome=\u00a0\u00bbfa fa-podcast\u00a0\u00bb icon_pos=\u00a0\u00bbtop\u00a0\u00bb icon_size=\u00a0\u00bb50&Prime; el_class=\u00a0\u00bbcentrado\u00a0\u00bb]<\/p>\n<p style=\"text-align: center;\">siguenos en <strong>IVOOX<\/strong><\/p>\n<p>[\/la_icon_boxes][la_icon_boxes icon_fontawesome=\u00a0\u00bbfa fa-instagram\u00a0\u00bb read_more=\u00a0\u00bbicon\u00a0\u00bb icon_pos=\u00a0\u00bbtop\u00a0\u00bb icon_size=\u00a0\u00bb50&Prime; el_class=\u00a0\u00bbcentrado\u00a0\u00bb link=\u00a0\u00bburl:https%3A%2F%2Fwww.instagram.com%2Fjamonappetit%2F|||\u00a0\u00bb]<\/p>\n<p style=\"text-align: center;\">siguenos en <strong>INSTAGRAM<\/strong><\/p>\n<p>[\/la_icon_boxes][\/la_carousel][la_divider height=\u00a0\u00bblg:60px;\u00a0\u00bb][\/vc_column][\/vc_row][vc_row full_width=\u00a0\u00bbstretch_row\u00a0\u00bb disable_element=\u00a0\u00bbyes\u00a0\u00bb css=\u00a0\u00bb.vc_custom_1523354647101{background-image: url(http:\/\/zyra.la-studioweb.com\/wp-content\/uploads\/2017\/11\/m15-bg6.jpg?id=741) !important;background-position: center !important;background-repeat: no-repeat !important;background-size: cover !important;}\u00a0\u00bb][vc_column][la_divider height=\u00a0\u00bblg:15px;\u00a0\u00bb][la_heading title=\u00a0\u00bbJam\u00f3n App\u00e9tit Radio\u00a0\u00bb title_class=\u00a0\u00bbmargin-bottom-5 three-font-family font-weight-400&Prime; title_fz=\u00a0\u00bblg:48px;md:36px;sm:30px;xs:24px;\u00a0\u00bb subtitle_fz=\u00a0\u00bblg:14px;md:12px;\u00a0\u00bb]Un espacio radiof\u00f3nico para los amantes del jam\u00f3n, de la vida y de la radio.[\/la_heading][la_divider height=\u00a0\u00bblg:20px;\u00a0\u00bb][la_show_posts blog_style=\u00a0\u00bb3&Prime; orderby=\u00a0\u00bbdate\u00a0\u00bb order=\u00a0\u00bbDESC\u00a0\u00bb excerpt_length=\u00a0\u00bb15&Prime; img_size=\u00a0\u00bb370&#215;250&Prime; enable_carousel=\u00a0\u00bbyes\u00a0\u00bb per_page=\u00a0\u00bb4&Prime; dots=\u00a0\u00bbyes\u00a0\u00bb dots_color=\u00a0\u00bb#000000&Prime; dots_icon=\u00a0\u00bbdlicon-dot6&Prime; draggable=\u00a0\u00bbyes\u00a0\u00bb touch_move=\u00a0\u00bbyes\u00a0\u00bb column=\u00a0\u00bbxlg:3;lg:3;md:3;sm:2;xs:2;mb:1;\u00a0\u00bb category__in=\u00a0\u00bb53&Prime;][la_divider height=\u00a0\u00bblg:30px;\u00a0\u00bb][\/vc_column][\/vc_row]<\/p>\n<\/div>","protected":false},"excerpt":{"rendered":"<p>[vc_row][vc_column][rev_slider_vc alias=\u00a0\u00bbsolofoto-fr\u00a0\u00bb][\/vc_column][\/vc_row][vc_row disable_element=\u00a0\u00bbyes\u00a0\u00bb][vc_column width=\u00a0\u00bb5\/6&Prime; offset=\u00a0\u00bbvc_col-lg-offset-2 vc_col-lg-8 vc_col-sm-offset-1&Prime;][la_divider height=\u00a0\u00bblg:65px;\u00a0\u00bb][la_heading title=\u00a0\u00bbproductos ib\u00e9ricos de alta calidad\u00a0\u00bb title_fz=\u00a0\u00bblg:48px;md:36px;sm:30px;xs:24px;\u00a0\u00bb title_class=\u00a0\u00bbthree-font-family font-weight-400&Prime; title_lh=\u00a0\u00bblg:50px;md:36px;sm:30px;xs:24px;\u00a0\u00bb][\/la_heading][vc_single_image image=\u00a0\u00bb711&Prime; img_size=\u00a0\u00bbfull\u00a0\u00bb alignment=\u00a0\u00bbcenter\u00a0\u00bb&hellip;<\/p>\n","protected":false},"author":1,"featured_media":0,"parent":0,"menu_order":0,"comment_status":"closed","ping_status":"closed","template":"","meta":{"footnotes":""},"class_list":["post-3840","page","type-page","status-publish","hentry"],"_links":{"self":[{"href":"https:\/\/jamonappetit.com\/fr\/wp-json\/wp\/v2\/pages\/3840","targetHints":{"allow":["GET"]}}],"collection":[{"href":"https:\/\/jamonappetit.com\/fr\/wp-json\/wp\/v2\/pages"}],"about":[{"href":"https:\/\/jamonappetit.com\/fr\/wp-json\/wp\/v2\/types\/page"}],"author":[{"embeddable":true,"href":"https:\/\/jamonappetit.com\/fr\/wp-json\/wp\/v2\/users\/1"}],"replies":[{"embeddable":true,"href":"https:\/\/jamonappetit.com\/fr\/wp-json\/wp\/v2\/comments?post=3840"}],"version-history":[{"count":8,"href":"https:\/\/jamonappetit.com\/fr\/wp-json\/wp\/v2\/pages\/3840\/revisions"}],"predecessor-version":[{"id":34208,"href":"https:\/\/jamonappetit.com\/fr\/wp-json\/wp\/v2\/pages\/3840\/revisions\/34208"}],"wp:attachment":[{"href":"https:\/\/jamonappetit.com\/fr\/wp-json\/wp\/v2\/media?parent=3840"}],"curies":[{"name":"wp","href":"https:\/\/api.w.org\/{rel}","templated":true}]}}